{"id":3434,"date":"2021-12-23T09:04:19","date_gmt":"2021-12-23T09:04:19","guid":{"rendered":"https:\/\/vstt.ch\/onglet-agenda\/"},"modified":"2026-04-20T10:26:21","modified_gmt":"2026-04-20T10:26:21","slug":"onglet-agenda","status":"publish","type":"page","link":"https:\/\/vstt.ch\/fr\/onglet-agenda\/","title":{"rendered":"Programmseite F"},"content":{"rendered":"\t\t<div data-elementor-type=\"wp-page\" data-elementor-id=\"3434\" class=\"elementor elementor-3434 elementor-1739\">\n\t\t\t\t\t\t<section class=\"elementor-section elementor-top-section elementor-element elementor-element-23c241f elementor-section-stretched elementor-section-boxed elementor-section-height-default elementor-section-height-default\" data-id=\"23c241f\" data-element_type=\"section\" data-settings=\"{&quot;stretch_section&quot;:&quot;section-stretched&quot;,&quot;background_background&quot;:&quot;classic&quot;,&quot;grandconference_ext_is_background_parallax&quot;:&quot;false&quot;,&quot;grandconference_ext_is_background_backdrop&quot;:&quot;false&quot;,&quot;grandconference_ext_is_background_on_scroll&quot;:&quot;false&quot;}\">\n\t\t\t\t\t\t<div class=\"elementor-container elementor-column-gap-default\">\n\t\t\t\t\t<div class=\"elementor-column elementor-col-100 elementor-top-column elementor-element elementor-element-8acb31c\" data-id=\"8acb31c\" data-element_type=\"column\" data-settings=\"{&quot;grandconference_ext_link_sidemenu&quot;:&quot;false&quot;,&quot;grandconference_ext_link_fullmenu&quot;:&quot;false&quot;,&quot;grandconference_ext_link_closed_fullmenu&quot;:&quot;false&quot;,&quot;grandconference_ext_link_closed_speaker&quot;:&quot;false&quot;,&quot;grandconference_ext_is_sticky&quot;:&quot;false&quot;,&quot;grandconference_ext_is_scrollme&quot;:&quot;false&quot;,&quot;grandconference_ext_is_smoove&quot;:&quot;false&quot;,&quot;grandconference_ext_is_parallax_mouse&quot;:&quot;false&quot;,&quot;grandconference_ext_is_infinite&quot;:&quot;false&quot;,&quot;grandconference_ext_is_fadeout_animation&quot;:&quot;false&quot;,&quot;grandconference_ext_mobile_static&quot;:&quot;false&quot;}\">\n\t\t\t<div class=\"elementor-widget-wrap elementor-element-populated\">\n\t\t\t\t\t\t<div class=\"elementor-element elementor-element-c627fcd elementor-widget elementor-widget-heading\" data-id=\"c627fcd\" data-element_type=\"widget\" data-settings=\"{&quot;grandconference_ext_link_sidemenu&quot;:&quot;false&quot;,&quot;grandconference_ext_link_fullmenu&quot;:&quot;false&quot;,&quot;grandconference_ext_link_closed_fullmenu&quot;:&quot;false&quot;,&quot;grandconference_ext_link_closed_speaker&quot;:&quot;false&quot;,&quot;grandconference_ext_is_sticky&quot;:&quot;false&quot;,&quot;grandconference_ext_is_scrollme&quot;:&quot;false&quot;,&quot;grandconference_ext_is_smoove&quot;:&quot;false&quot;,&quot;grandconference_ext_is_parallax_mouse&quot;:&quot;false&quot;,&quot;grandconference_ext_is_infinite&quot;:&quot;false&quot;,&quot;grandconference_ext_is_fadeout_animation&quot;:&quot;false&quot;,&quot;grandconference_ext_mobile_static&quot;:&quot;false&quot;}\" data-widget_type=\"heading.default\">\n\t\t\t\t<div class=\"elementor-widget-container\">\n\t\t\t\t\t<h1 class=\"elementor-heading-title elementor-size-default\">Programme<\/h1>\t\t\t\t<\/div>\n\t\t\t\t<\/div>\n\t\t\t\t<div class=\"elementor-element elementor-element-5526ee3 elementor-widget elementor-widget-heading\" data-id=\"5526ee3\" data-element_type=\"widget\" data-settings=\"{&quot;grandconference_ext_link_sidemenu&quot;:&quot;false&quot;,&quot;grandconference_ext_link_fullmenu&quot;:&quot;false&quot;,&quot;grandconference_ext_link_closed_fullmenu&quot;:&quot;false&quot;,&quot;grandconference_ext_link_closed_speaker&quot;:&quot;false&quot;,&quot;grandconference_ext_is_sticky&quot;:&quot;false&quot;,&quot;grandconference_ext_is_scrollme&quot;:&quot;false&quot;,&quot;grandconference_ext_is_smoove&quot;:&quot;false&quot;,&quot;grandconference_ext_is_parallax_mouse&quot;:&quot;false&quot;,&quot;grandconference_ext_is_infinite&quot;:&quot;false&quot;,&quot;grandconference_ext_is_fadeout_animation&quot;:&quot;false&quot;,&quot;grandconference_ext_mobile_static&quot;:&quot;false&quot;}\" data-widget_type=\"heading.default\">\n\t\t\t\t<div class=\"elementor-widget-container\">\n\t\t\t\t\t<h1 class=\"elementor-heading-title elementor-size-default\">du congr\u00e8s<\/h1>\t\t\t\t<\/div>\n\t\t\t\t<\/div>\n\t\t\t\t<div class=\"elementor-element elementor-element-26b1557b elementor-widget elementor-widget-text-editor\" data-id=\"26b1557b\" data-element_type=\"widget\" data-settings=\"{&quot;grandconference_ext_is_smoove&quot;:&quot;true&quot;,&quot;grandconference_ext_smoove_disable&quot;:&quot;769&quot;,&quot;grandconference_ext_smoove_duration&quot;:800,&quot;grandconference_ext_link_sidemenu&quot;:&quot;false&quot;,&quot;grandconference_ext_link_fullmenu&quot;:&quot;false&quot;,&quot;grandconference_ext_link_closed_fullmenu&quot;:&quot;false&quot;,&quot;grandconference_ext_link_closed_speaker&quot;:&quot;false&quot;,&quot;grandconference_ext_is_sticky&quot;:&quot;false&quot;,&quot;grandconference_ext_is_scrollme&quot;:&quot;false&quot;,&quot;grandconference_ext_smoove_scalex&quot;:{&quot;unit&quot;:&quot;px&quot;,&quot;size&quot;:1,&quot;sizes&quot;:[]},&quot;grandconference_ext_smoove_scaley&quot;:{&quot;unit&quot;:&quot;px&quot;,&quot;size&quot;:1,&quot;sizes&quot;:[]},&quot;grandconference_ext_smoove_rotatex&quot;:{&quot;unit&quot;:&quot;px&quot;,&quot;size&quot;:0,&quot;sizes&quot;:[]},&quot;grandconference_ext_smoove_rotatey&quot;:{&quot;unit&quot;:&quot;px&quot;,&quot;size&quot;:0,&quot;sizes&quot;:[]},&quot;grandconference_ext_smoove_rotatez&quot;:{&quot;unit&quot;:&quot;px&quot;,&quot;size&quot;:0,&quot;sizes&quot;:[]},&quot;grandconference_ext_smoove_translatex&quot;:{&quot;unit&quot;:&quot;px&quot;,&quot;size&quot;:0,&quot;sizes&quot;:[]},&quot;grandconference_ext_smoove_translatey&quot;:{&quot;unit&quot;:&quot;px&quot;,&quot;size&quot;:0,&quot;sizes&quot;:[]},&quot;grandconference_ext_smoove_translatez&quot;:{&quot;unit&quot;:&quot;px&quot;,&quot;size&quot;:0,&quot;sizes&quot;:[]},&quot;grandconference_ext_smoove_skewx&quot;:{&quot;unit&quot;:&quot;px&quot;,&quot;size&quot;:0,&quot;sizes&quot;:[]},&quot;grandconference_ext_smoove_skewy&quot;:{&quot;unit&quot;:&quot;px&quot;,&quot;size&quot;:0,&quot;sizes&quot;:[]},&quot;grandconference_ext_smoove_transform_originx&quot;:{&quot;unit&quot;:&quot;px&quot;,&quot;size&quot;:50,&quot;sizes&quot;:[]},&quot;grandconference_ext_smoove_transform_originy&quot;:{&quot;unit&quot;:&quot;px&quot;,&quot;size&quot;:50,&quot;sizes&quot;:[]},&quot;grandconference_ext_smoove_perspective&quot;:{&quot;unit&quot;:&quot;px&quot;,&quot;size&quot;:1000,&quot;sizes&quot;:[]},&quot;grandconference_ext_is_parallax_mouse&quot;:&quot;false&quot;,&quot;grandconference_ext_is_infinite&quot;:&quot;false&quot;,&quot;grandconference_ext_is_fadeout_animation&quot;:&quot;false&quot;,&quot;grandconference_ext_mobile_static&quot;:&quot;false&quot;}\" data-widget_type=\"text-editor.default\">\n\t\t\t\t<div class=\"elementor-widget-container\">\n\t\t\t\t\t\t\t\t\t<p style=\"text-align: left;\">Remarque importante : Veuillez noter que la langue principale du congr\u00e8s est l&rsquo;allemand (<strong>exception : le programme de la Journ\u00e9e Francophone<\/strong>). <span style=\"font-size: 15px; letter-spacing: 0px;\">C&rsquo;est pourquoi le programme est publi\u00e9 en allemand. Les intervenants s\u2019exprimeront dans la langue indiqu\u00e9e dans le titre de leur expos\u00e9. Il n\u2019y aura pas de traduction simultan\u00e9e.<br \/><strong><a href=\"https:\/\/vstt.ch\/wp-content\/uploads\/2026\/04\/260420_Vorankuendigung_STT26_Programmseiten.pdf\">Aper\u00e7u du programme (PDF, \u00e9tat au 20\/04\/2026)<\/a><\/strong><br \/><\/span><\/p>\t\t\t\t\t\t\t\t<\/div>\n\t\t\t\t<\/div>\n\t\t\t\t\t<\/div>\n\t\t<\/div>\n\t\t\t\t\t<\/div>\n\t\t<\/section>\n\t\t\t\t<section class=\"elementor-section elementor-top-section elementor-element elementor-element-c250a9b elementor-section-stretched elementor-section-boxed elementor-section-height-default elementor-section-height-default\" data-id=\"c250a9b\" data-element_type=\"section\" data-settings=\"{&quot;stretch_section&quot;:&quot;section-stretched&quot;,&quot;background_background&quot;:&quot;classic&quot;,&quot;grandconference_ext_is_background_parallax&quot;:&quot;false&quot;,&quot;grandconference_ext_is_background_backdrop&quot;:&quot;false&quot;,&quot;grandconference_ext_is_background_on_scroll&quot;:&quot;false&quot;}\">\n\t\t\t\t\t\t<div class=\"elementor-container elementor-column-gap-default\">\n\t\t\t\t\t<div class=\"elementor-column elementor-col-100 elementor-top-column elementor-element elementor-element-e1c622a\" data-id=\"e1c622a\" data-element_type=\"column\" data-settings=\"{&quot;grandconference_ext_link_sidemenu&quot;:&quot;false&quot;,&quot;grandconference_ext_link_fullmenu&quot;:&quot;false&quot;,&quot;grandconference_ext_link_closed_fullmenu&quot;:&quot;false&quot;,&quot;grandconference_ext_link_closed_speaker&quot;:&quot;false&quot;,&quot;grandconference_ext_is_sticky&quot;:&quot;false&quot;,&quot;grandconference_ext_is_scrollme&quot;:&quot;false&quot;,&quot;grandconference_ext_is_smoove&quot;:&quot;false&quot;,&quot;grandconference_ext_is_parallax_mouse&quot;:&quot;false&quot;,&quot;grandconference_ext_is_infinite&quot;:&quot;false&quot;,&quot;grandconference_ext_is_fadeout_animation&quot;:&quot;false&quot;,&quot;grandconference_ext_mobile_static&quot;:&quot;false&quot;}\">\n\t\t\t<div class=\"elementor-widget-wrap elementor-element-populated\">\n\t\t\t\t\t\t<div class=\"elementor-element elementor-element-3955083 elementor-widget elementor-widget-grandconference-classic-session-tab\" data-id=\"3955083\" data-element_type=\"widget\" data-settings=\"{&quot;grandconference_ext_link_sidemenu&quot;:&quot;false&quot;,&quot;grandconference_ext_link_fullmenu&quot;:&quot;false&quot;,&quot;grandconference_ext_link_closed_fullmenu&quot;:&quot;false&quot;,&quot;grandconference_ext_link_closed_speaker&quot;:&quot;false&quot;,&quot;grandconference_ext_is_sticky&quot;:&quot;false&quot;,&quot;grandconference_ext_is_scrollme&quot;:&quot;false&quot;,&quot;grandconference_ext_is_smoove&quot;:&quot;false&quot;,&quot;grandconference_ext_is_parallax_mouse&quot;:&quot;false&quot;,&quot;grandconference_ext_is_infinite&quot;:&quot;false&quot;,&quot;grandconference_ext_is_fadeout_animation&quot;:&quot;false&quot;,&quot;grandconference_ext_mobile_static&quot;:&quot;false&quot;}\" data-widget_type=\"grandconference-classic-session-tab.default\">\n\t\t\t\t<div class=\"elementor-widget-container\">\n\t\t\t\t\t<div class=\"session-tab-wrapper speaker-thumb-small\" data-widget-id=\"3955083\" data-expand=\"no\">\n<div  class=\"ppb_session_tab one withsmallpadding \" ><div class=\"standard_wrapper\"><div style=\"margin:auto;width:100%\"><ul id=\"session_filter_3955083\" class=\"session_filters\"><li>\n\t\t\t\t<a class=\"themelink active\" href=\"javascript:;\" data-filter=\"\" title=\"All Topics\">All Topics<\/a>\n\t\t\t<\/li><li>\n\t\t\t\t\t<a class=\"themelink\" href=\"javascript:;\" data-filter=\"camvet-ch\" title=\"camvet.ch\">camvet.ch<\/a>\n\t\t\t\t<\/li><li>\n\t\t\t\t\t<a class=\"themelink\" href=\"javascript:;\" data-filter=\"gst-svs\" title=\"GST SVS\">GST SVS<\/a>\n\t\t\t\t<\/li><li>\n\t\t\t\t\t<a class=\"themelink\" href=\"javascript:;\" data-filter=\"journee-francophone\" title=\"Journ\u00e9e Francophone\">Journ\u00e9e Francophone<\/a>\n\t\t\t\t<\/li><li>\n\t\t\t\t\t<a class=\"themelink\" href=\"javascript:;\" data-filter=\"plenum\" title=\"Plenum\">Plenum<\/a>\n\t\t\t\t<\/li><li>\n\t\t\t\t\t<a class=\"themelink\" href=\"javascript:;\" data-filter=\"stvv\" title=\"STVV\">STVV<\/a>\n\t\t\t\t<\/li><li>\n\t\t\t\t\t<a class=\"themelink\" href=\"javascript:;\" data-filter=\"svk\" title=\"SVK\">SVK<\/a>\n\t\t\t\t<\/li><li>\n\t\t\t\t\t<a class=\"themelink\" href=\"javascript:;\" data-filter=\"svpm\" title=\"SVPM\">SVPM<\/a>\n\t\t\t\t<\/li><li>\n\t\t\t\t\t<a class=\"themelink\" href=\"javascript:;\" data-filter=\"svsm\" title=\"SVSM\">SVSM<\/a>\n\t\t\t\t<\/li><li>\n\t\t\t\t\t<a class=\"themelink\" href=\"javascript:;\" data-filter=\"svvld\" title=\"SVVLD\">SVVLD<\/a>\n\t\t\t\t<\/li><li>\n\t\t\t\t\t<a class=\"themelink\" href=\"javascript:;\" data-filter=\"svw\" title=\"SVW\">SVW<\/a>\n\t\t\t\t<\/li><li>\n\t\t\t\t\t<a class=\"themelink\" href=\"javascript:;\" data-filter=\"tpa\" title=\"TPA\">TPA<\/a>\n\t\t\t\t<\/li><\/ul><a href=\"javascript:;\" class=\"themelink session_expand_all do_expand themeborder\" id=\"session_expand_3955083\" data-expand-title=\"Expand All\" data-collapse-title=\"Collapse All\">Expand All +<\/a><div id=\"3955083\"><ul class=\"scheduleday_wrapper tab\"><li data-tab=\"6-mai-2026-mittwoch\" class=\"scheduleday_title active\"><div class=\"scheduleday_title_content\"><h4 style=\"\">6. Mai 2026 \u2013 Mittwoch<\/h4><\/div><br class=\"clear\"\/><\/li><li data-tab=\"7-mai-2026-donnerstag\" class=\"scheduleday_title \"><div class=\"scheduleday_title_content\"><h4 style=\"\">7. Mai 2026 \u2013 Donnerstag<\/h4><\/div><br class=\"clear\"\/><\/li><li data-tab=\"8-mai-2026-freitag\" class=\"scheduleday_title \"><div class=\"scheduleday_title_content\"><h4 style=\"\">8. Mai 2026 \u2013 Freitag<\/h4><\/div><br class=\"clear\"\/><\/li><\/ul><ul id=\"6-mai-2026-mittwoch\" class=\"scheduleday_wrapper themeborder tab_content\"><li class=\"themeborder svpm \"><div class=\"session_content_wrapper expandable\" data-expandid=\"excerpt_4225\"><div class=\"session_speaker_thumb\"><img decoding=\"async\" src=\"https:\/\/vstt.ch\/wp-content\/uploads\/2023\/12\/logo_SVPM_04-150x150.jpg\" alt=\"SVPM Vorkongress\"\/><\/div><div class=\"session_content has_speaker_thumb\"><div class=\"session_start_time\">09:00&nbsp;-&nbsp;17:00<\/div><div class=\"session_title\"><h6>SVPM: Workshop \u00abR\u00fcckenproblematik\u00bb<\/h6><\/div><div class=\"session_speakers\">By&nbsp;<strong><a href=\"https:\/\/vstt.ch\/fr\/speaker\/svpm\/\">SVPM Vorkongress<\/a><\/strong>&nbsp;<\/div><\/div><br class=\"clear\"\/><\/div><div id=\"excerpt_4225\" class=\"session_content_extend hide session_content_wrapper\"><div class=\"session_content has_speaker_thumb\"><div class=\"session_excerpt\">SVPM: Workshop \u00abR\u00fcckenproblematik\u00bb <\/div><div class=\"session_title_list\"><span class=\"ti-bookmark\"><\/span><div class=\"session_title_item\">SVPM<\/div><\/div><div class=\"session_location themeborder\"><div class=\"session_location_label skin_color\">Where<\/div><div class=\"session_location_content\">Nationales Pferdezentrum (NPZ), Mingerstrasse 3, 3014 Bern<\/div><\/div><\/div><br class=\"clear\"\/><\/div><\/li><li class=\"themeborder \"><div class=\"session_content_wrapper expandable\" data-expandid=\"excerpt_7368\"><div class=\"session_speaker_thumb\"><img decoding=\"async\" src=\"https:\/\/vstt.ch\/wp-content\/uploads\/2025\/12\/Logo_VSKS.png\" alt=\"VSKS\"\/><\/div><div class=\"session_content has_speaker_thumb\"><div class=\"session_start_time\">09:00&nbsp;-&nbsp;16:30<\/div><div class=\"session_title\"><h6>VSKS Vorkongress - Chirurgie Kleintiere:  Moderne Wundversorgung - \u00abMeet the Experts\u00bb<\/h6><\/div><div class=\"session_speakers\">By&nbsp;<strong><a href=\"https:\/\/vstt.ch\/fr\/speaker\/vsks\/\">VSKS<\/a><\/strong>&nbsp;<\/div><\/div><br class=\"clear\"\/><\/div><div id=\"excerpt_7368\" class=\"session_content_extend hide session_content_wrapper\"><div class=\"session_content has_speaker_thumb\"><div class=\"session_excerpt\"> <\/div><div class=\"session_location themeborder\"><div class=\"session_location_label skin_color\">Where<\/div><div class=\"session_location_content\">Festhalle Bern | Deck, Raum 4<\/div><\/div><\/div><br class=\"clear\"\/><\/div><\/li><li class=\"themeborder \"><div class=\"session_content_wrapper expandable\" data-expandid=\"excerpt_3331\"><div class=\"session_speaker_thumb\"><img decoding=\"async\" src=\"https:\/\/vstt.ch\/wp-content\/uploads\/2023\/12\/SVK_FVH.png\" alt=\"SVK FVH Kleintiere\"\/><\/div><div class=\"session_content has_speaker_thumb\"><div class=\"session_start_time\">09:30&nbsp;-&nbsp;16:45<\/div><div class=\"session_title\"><h6>SVK FVH Kleintiere Vorkongress: Katzengesundheit im Fokus: Die besonderen Erkrankungen der Samtpfoten<\/h6><\/div><div class=\"session_speakers\">By&nbsp;<strong><a href=\"https:\/\/vstt.ch\/fr\/speaker\/svk-fvh-kleintiere\/\">SVK FVH Kleintiere<\/a><\/strong>&nbsp;<\/div><\/div><br class=\"clear\"\/><\/div><div id=\"excerpt_3331\" class=\"session_content_extend hide session_content_wrapper\"><div class=\"session_content has_speaker_thumb\"><div class=\"session_excerpt\"> <\/div><div class=\"session_location themeborder\"><div class=\"session_location_label skin_color\">Where<\/div><div class=\"session_location_content\">Festhalle Bern, Raum Deck 1-3<\/div><\/div><\/div><br class=\"clear\"\/><\/div><\/li><\/ul><ul id=\"7-mai-2026-donnerstag\" class=\"scheduleday_wrapper themeborder tab_content hide\"><li class=\"themeborder camvet-ch gst-svs journee-francophone plenum svk svpm svsm svvld svw tpa \"><div class=\"session_content_wrapper expandable\" data-expandid=\"excerpt_227\"><div class=\"session_speaker_thumb\"><img decoding=\"async\" src=\"https:\/\/vstt.ch\/wp-content\/uploads\/2025\/12\/Team.png\" alt=\"Christoph Kiefer\"\/><\/div><div class=\"session_content has_speaker_thumb\"><div class=\"session_start_time\">08:30&nbsp;-&nbsp;08:35<\/div><div class=\"session_title\"><h6>Er\u00f6ffnung<\/h6><\/div><div class=\"session_speakers\">By&nbsp;<strong><a href=\"https:\/\/vstt.ch\/fr\/speaker\/christoph-kiefer\/\">Christoph Kiefer<\/a><\/strong>&nbsp;<\/div><\/div><br class=\"clear\"\/><\/div><div id=\"excerpt_227\" class=\"session_content_extend hide session_content_wrapper\"><div class=\"session_content has_speaker_thumb\"><div class=\"session_excerpt\">Er\u00f6ffnungsveranstaltung<\/div><div class=\"session_title_list\"><span class=\"ti-bookmark\"><\/span><div class=\"session_title_item\">camvet.ch<\/div><div class=\"session_title_item\">GST SVS<\/div><div class=\"session_title_item\">Journ\u00e9e Francophone<\/div><div class=\"session_title_item\">Plenum<\/div><div class=\"session_title_item\">SVK<\/div><div class=\"session_title_item\">SVPM<\/div><div class=\"session_title_item\">SVSM<\/div><div class=\"session_title_item\">SVVLD<\/div><div class=\"session_title_item\">SVW<\/div><div class=\"session_title_item\">TPA<\/div><\/div><div class=\"session_location themeborder\"><div class=\"session_location_label skin_color\">Where<\/div><div class=\"session_location_content\">Festhalle Bern<\/div><\/div><\/div><br class=\"clear\"\/><\/div><\/li><li class=\"themeborder camvet-ch gst-svs journee-francophone plenum svk svpm svsm svvld svw tpa \"><div class=\"session_content_wrapper expandable\" data-expandid=\"excerpt_7080\"><div class=\"session_speaker_thumb\"><img decoding=\"async\" src=\"https:\/\/vstt.ch\/wp-content\/uploads\/2025\/12\/Team.png\" alt=\"Friederike von Houwald\"\/><\/div><div class=\"session_content has_speaker_thumb\"><div class=\"session_start_time\">08:35&nbsp;-&nbsp;09:15<\/div><div class=\"session_title\"><h6>Tierpark Bern \u2013 der Weg in die Zukunft und seine Herausforderungen<\/h6><\/div><div class=\"session_speakers\">By&nbsp;<strong><a href=\"https:\/\/vstt.ch\/fr\/speaker\/friederike-von-houwald\/\">Friederike von Houwald<\/a><\/strong>&nbsp;<\/div><\/div><br class=\"clear\"\/><\/div><\/li><li class=\"themeborder svk \"><div class=\"session_content_wrapper expandable\" data-expandid=\"excerpt_7082\"><div class=\"session_speaker_thumb\"><img decoding=\"async\" src=\"https:\/\/vstt.ch\/wp-content\/uploads\/2025\/12\/Team.png\" alt=\"Isabelle Iff\"\/><\/div><div class=\"session_content has_speaker_thumb\"><div class=\"session_start_time\">09:15&nbsp;-&nbsp;10:00<\/div><div class=\"session_title\"><h6>Schmerz verstehen \u2013 Schmerz behandeln: Grundlagen und neue Ans\u00e4tze in der Schmerztherapie<\/h6><\/div><div class=\"session_speakers\">By&nbsp;<strong><a href=\"https:\/\/vstt.ch\/fr\/speaker\/isabelle-iff\/\">Isabelle Iff<\/a><\/strong>&nbsp;<\/div><\/div><br class=\"clear\"\/><\/div><\/li><li class=\"themeborder svsm \"><div class=\"session_content_wrapper expandable\" data-expandid=\"excerpt_7102\"><div class=\"session_speaker_thumb\"><img decoding=\"async\" src=\"https:\/\/vstt.ch\/wp-content\/uploads\/2025\/12\/Team.png\" alt=\"Isabelle Gangnat\"\/><\/div><div class=\"session_content has_speaker_thumb\"><div class=\"session_start_time\">09:15&nbsp;-&nbsp;10:00<\/div><div class=\"session_title\"><h6>Verdauungsphysiologie beim Schwein<\/h6><\/div><div class=\"session_speakers\">By&nbsp;<strong><a href=\"https:\/\/vstt.ch\/fr\/speaker\/isabelle-gangnat\/\">Isabelle Gangnat<\/a><\/strong>&nbsp;<\/div><\/div><br class=\"clear\"\/><\/div><\/li><li class=\"themeborder svvld \"><div class=\"session_content_wrapper expandable\" data-expandid=\"excerpt_7116\"><div class=\"session_speaker_thumb\"><img decoding=\"async\" src=\"https:\/\/vstt.ch\/wp-content\/uploads\/2025\/12\/Team.png\" alt=\"Daniel Fuchs\"\/><\/div><div class=\"session_content has_speaker_thumb\"><div class=\"session_start_time\">09:15&nbsp;-&nbsp;09:30<\/div><div class=\"session_title\"><h6>Mol. Charakterisierung kaniner Fibro- und Myxofibrosarkome<\/h6><\/div><div class=\"session_speakers\">By&nbsp;<strong><a href=\"https:\/\/vstt.ch\/fr\/speaker\/daniel-fuchs\/\">Daniel Fuchs<\/a><\/strong>&nbsp;<\/div><\/div><br class=\"clear\"\/><\/div><\/li><li class=\"themeborder camvet-ch \"><div class=\"session_content_wrapper expandable\" data-expandid=\"excerpt_7177\"><div class=\"session_speaker_thumb\"><img decoding=\"async\" src=\"https:\/\/vstt.ch\/wp-content\/uploads\/2025\/12\/Team.png\" alt=\"Alexandra Nadig\"\/><\/div><div class=\"session_content has_speaker_thumb\"><div class=\"session_start_time\">09:15&nbsp;-&nbsp;10:00<\/div><div class=\"session_title\"><h6>Analgetische Effekte auf neuropathische Schmerzen - Epileptiforme Symptome nach Intoxikation phytotherapeutisch behandeln<\/h6><\/div><div class=\"session_speakers\">By&nbsp;<strong><a href=\"https:\/\/vstt.ch\/fr\/speaker\/alexandra-nadig\/\">Alexandra Nadig<\/a><\/strong>&nbsp;<\/div><\/div><br class=\"clear\"\/><\/div><\/li><li class=\"themeborder gst-svs journee-francophone \"><div class=\"session_content_wrapper expandable\" data-expandid=\"excerpt_7204\"><div class=\"session_speaker_thumb\"><img decoding=\"async\" src=\"https:\/\/vstt.ch\/wp-content\/uploads\/2025\/12\/Mange-scaled-e1771509943361-150x150.jpg\" alt=\"Jean-Philippe Mange\"\/><\/div><div class=\"session_content has_speaker_thumb\"><div class=\"session_start_time\">09:15&nbsp;-&nbsp;10:00<\/div><div class=\"session_title\"><h6>Du discours aux actes: b\u00e2tir une entreprise v\u00e9t\u00e9rinaire \u00e0 impact positif<\/h6><\/div><div class=\"session_speakers\">By&nbsp;<strong><a href=\"https:\/\/vstt.ch\/fr\/speaker\/jean-philippe-mange\/\">Jean-Philippe Mange<\/a><\/strong>&nbsp;<\/div><\/div><br class=\"clear\"\/><\/div><\/li><li class=\"themeborder tpa \"><div class=\"session_content_wrapper expandable\" data-expandid=\"excerpt_7249\"><div class=\"session_speaker_thumb\"><img decoding=\"async\" src=\"https:\/\/vstt.ch\/wp-content\/uploads\/2025\/12\/Team.png\" alt=\"Nadja Sigrist\"\/><\/div><div class=\"session_content has_speaker_thumb\"><div class=\"session_start_time\">09:15&nbsp;-&nbsp;10:00<\/div><div class=\"session_title\"><h6>Dekontamination inkl. Lipidtherapie<\/h6><\/div><div class=\"session_speakers\">By&nbsp;<strong><a href=\"https:\/\/vstt.ch\/fr\/speaker\/nadja-sigrist\/\">Nadja Sigrist<\/a><\/strong>&nbsp;<\/div><\/div><br class=\"clear\"\/><\/div><\/li><li class=\"themeborder svpm \"><div class=\"session_content_wrapper expandable\" data-expandid=\"excerpt_7263\"><div class=\"session_speaker_thumb\"><img decoding=\"async\" src=\"https:\/\/vstt.ch\/wp-content\/uploads\/2025\/12\/Team.png\" alt=\"Marianne Depecker\"\/><\/div><div class=\"session_content has_speaker_thumb\"><div class=\"session_start_time\">09:15&nbsp;-&nbsp;10:00<\/div><div class=\"session_title\"><h6>Emerging disease: Erfahrung aus der Praxis<\/h6><\/div><div class=\"session_speakers\">By&nbsp;<strong><a href=\"https:\/\/vstt.ch\/fr\/speaker\/marianne-depecker\/\">Marianne Depecker<\/a><\/strong>&nbsp;<\/div><\/div><br class=\"clear\"\/><\/div><\/li><li class=\"themeborder svvld \"><div class=\"session_content_wrapper expandable\" data-expandid=\"excerpt_7118\"><div class=\"session_speaker_thumb\"><img decoding=\"async\" src=\"https:\/\/vstt.ch\/wp-content\/uploads\/2025\/12\/Team.png\" alt=\"Sophie Bachmann\"\/><\/div><div class=\"session_content has_speaker_thumb\"><div class=\"session_start_time\">09:30&nbsp;-&nbsp;09:45<\/div><div class=\"session_title\"><h6>Parasitennachweis Hund - Vergleich konventionell vs. PCR<\/h6><\/div><div class=\"session_speakers\">By&nbsp;<strong><a href=\"https:\/\/vstt.ch\/fr\/speaker\/sophie-bachmann\/\">Sophie Bachmann<\/a><\/strong>&nbsp;<\/div><\/div><br class=\"clear\"\/><\/div><\/li><li class=\"themeborder svvld \"><div class=\"session_content_wrapper expandable\" data-expandid=\"excerpt_7120\"><div class=\"session_speaker_thumb\"><img decoding=\"async\" src=\"https:\/\/vstt.ch\/wp-content\/uploads\/2025\/12\/Team.png\" alt=\"Jasmin G\u00e4mperli\"\/><\/div><div class=\"session_content has_speaker_thumb\"><div class=\"session_start_time\">09:45&nbsp;-&nbsp;10:00<\/div><div class=\"session_title\"><h6>Leishmania und Dirofilaria bei Hunden im Tessin<\/h6><\/div><div class=\"session_speakers\">By&nbsp;<strong><a href=\"https:\/\/vstt.ch\/fr\/speaker\/jasmin-gaemperli\/\">Jasmin G\u00e4mperli<\/a><\/strong>&nbsp;<\/div><\/div><br class=\"clear\"\/><\/div><\/li><li class=\"themeborder camvet-ch gst-svs journee-francophone plenum svk svpm svsm svvld svw tpa \"><div class=\"session_content_wrapper expandable\" data-expandid=\"excerpt_267\"><div class=\"session_speaker_icon\"><span class=\"ti-timer\"><\/span><\/div><div class=\"session_content has_speaker_thumb\"><div class=\"session_start_time\">10:00&nbsp;-&nbsp;10:45<\/div><div class=\"session_title\"><h6>Kaffeepause & Industrieausstellung<\/h6><\/div><\/div><br class=\"clear\"\/><\/div><\/li><li class=\"themeborder svk \"><div class=\"session_content_wrapper expandable\" data-expandid=\"excerpt_7084\"><div class=\"session_speaker_thumb\"><img decoding=\"async\" src=\"https:\/\/vstt.ch\/wp-content\/uploads\/2025\/12\/Knell-e1772552701335-150x150.jpg\" alt=\"Sebastian Knell\"\/><\/div><div class=\"session_content has_speaker_thumb\"><div class=\"session_start_time\">10:45&nbsp;-&nbsp;11:15<\/div><div class=\"session_title\"><h6>Osteoarthrose-Management bei Hund und Katze: Ursachen erkennen - gezielt behandeln<\/h6><\/div><div class=\"session_speakers\">By&nbsp;<strong><a href=\"https:\/\/vstt.ch\/fr\/speaker\/sebastian-knell\/\">Sebastian Knell<\/a><\/strong>&nbsp;<\/div><\/div><br class=\"clear\"\/><\/div><\/li><li class=\"themeborder svsm \"><div class=\"session_content_wrapper expandable\" data-expandid=\"excerpt_7104\"><div class=\"session_speaker_thumb\"><img decoding=\"async\" src=\"https:\/\/vstt.ch\/wp-content\/uploads\/2025\/12\/Team.png\" alt=\"Patrick Schlegel\"\/><\/div><div class=\"session_content has_speaker_thumb\"><div class=\"session_start_time\">10:45&nbsp;-&nbsp;11:15<\/div><div class=\"session_title\"><h6>Phosphatfreie F\u00fctterung bei Schweinen?<\/h6><\/div><div class=\"session_speakers\">By&nbsp;<strong><a href=\"https:\/\/vstt.ch\/fr\/speaker\/patrick-schlegel\/\">Patrick Schlegel<\/a><\/strong>&nbsp;<\/div><\/div><br class=\"clear\"\/><\/div><\/li><li class=\"themeborder svvld \"><div class=\"session_content_wrapper expandable\" data-expandid=\"excerpt_7122\"><div class=\"session_speaker_thumb\"><img decoding=\"async\" src=\"https:\/\/vstt.ch\/wp-content\/uploads\/2025\/12\/Team.png\" alt=\"Julia Stachowski\"\/><\/div><div class=\"session_content has_speaker_thumb\"><div class=\"session_start_time\">10:45&nbsp;-&nbsp;11:00<\/div><div class=\"session_title\"><h6>An\u00e4mie-assozierte Ko-Infektionen bei FIP-Katzen<\/h6><\/div><div class=\"session_speakers\">By&nbsp;<strong><a href=\"https:\/\/vstt.ch\/fr\/speaker\/julia-stachowski\/\">Julia Stachowski<\/a><\/strong>&nbsp;<\/div><\/div><br class=\"clear\"\/><\/div><\/li><li class=\"themeborder camvet-ch \"><div class=\"session_content_wrapper expandable\" data-expandid=\"excerpt_7179\"><div class=\"session_speaker_thumb\"><img decoding=\"async\" src=\"https:\/\/vstt.ch\/wp-content\/uploads\/2025\/12\/Team.png\" alt=\"Veronika Stein\"\/><\/div><div class=\"session_content has_speaker_thumb\"><div class=\"session_start_time\">10:45&nbsp;-&nbsp;11:15<\/div><div class=\"session_title\"><h6>Epilepsiediagnostik und -therapie in der Kleintierneurologie<\/h6><\/div><div class=\"session_speakers\">By&nbsp;<strong><a href=\"https:\/\/vstt.ch\/fr\/speaker\/veronika-stein\/\">Veronika Stein<\/a><\/strong>&nbsp;<\/div><\/div><br class=\"clear\"\/><\/div><\/li><li class=\"themeborder gst-svs journee-francophone \"><div class=\"session_content_wrapper expandable\" data-expandid=\"excerpt_7206\"><div class=\"session_speaker_thumb\"><img decoding=\"async\" src=\"https:\/\/vstt.ch\/wp-content\/uploads\/2023\/11\/Glardon-150x150.jpg\" alt=\"Olivier Glardon\"\/><\/div><div class=\"session_content has_speaker_thumb\"><div class=\"session_start_time\">10:45&nbsp;-&nbsp;11:15<\/div><div class=\"session_title\"><h6>Guide de randonn\u00e9e \u00e0 travers des indications de m\u00e9decine alternative \u2013 \u00e9tude de cas<\/h6><\/div><div class=\"session_speakers\">By&nbsp;<strong><a href=\"https:\/\/vstt.ch\/fr\/speaker\/olivier-glardon\/\">Olivier Glardon<\/a><\/strong>&nbsp;<\/div><\/div><br class=\"clear\"\/><\/div><\/li><li class=\"themeborder tpa \"><div class=\"session_content_wrapper expandable\" data-expandid=\"excerpt_7251\"><div class=\"session_speaker_thumb\"><img decoding=\"async\" src=\"https:\/\/vstt.ch\/wp-content\/uploads\/2025\/12\/Team.png\" alt=\"Nadja Sigrist\"\/><\/div><div class=\"session_content has_speaker_thumb\"><div class=\"session_start_time\">10:45&nbsp;-&nbsp;11:30<\/div><div class=\"session_title\"><h6>Zittern und Kr\u00e4mpfe - kann es eine Vergiftung sein?<\/h6><\/div><div class=\"session_speakers\">By&nbsp;<strong><a href=\"https:\/\/vstt.ch\/fr\/speaker\/nadja-sigrist\/\">Nadja Sigrist<\/a><\/strong>&nbsp;<\/div><\/div><br class=\"clear\"\/><\/div><\/li><li class=\"themeborder svpm \"><div class=\"session_content_wrapper expandable\" data-expandid=\"excerpt_8300\"><div class=\"session_speaker_thumb\"><img decoding=\"async\" src=\"https:\/\/vstt.ch\/wp-content\/uploads\/2025\/12\/Team.png\" alt=\"Fabienne Somm\"\/><\/div><div class=\"session_content has_speaker_thumb\"><div class=\"session_start_time\">10:45&nbsp;-&nbsp;11:00<\/div><div class=\"session_title\"><h6>Surgical excision of extensive melanomas in the anal region, including the external anal sphincter, and reconstruction of the anus in 11 grey horses<\/h6><\/div><div class=\"session_speakers\">By&nbsp;<strong><a href=\"https:\/\/vstt.ch\/fr\/speaker\/fabienne-somm\/\">Fabienne Somm<\/a><\/strong>&nbsp;<\/div><\/div><br class=\"clear\"\/><\/div><\/li><li class=\"themeborder svvld \"><div class=\"session_content_wrapper expandable\" data-expandid=\"excerpt_7124\"><div class=\"session_speaker_thumb\"><img decoding=\"async\" src=\"https:\/\/vstt.ch\/wp-content\/uploads\/2025\/12\/Team.png\" alt=\"Zoe Medici\"\/><\/div><div class=\"session_content has_speaker_thumb\"><div class=\"session_start_time\">11:00&nbsp;-&nbsp;11:15<\/div><div class=\"session_title\"><h6>T. gondii und Sarcocystis-DNA in Rohfleischprodukten (CH)<\/h6><\/div><div class=\"session_speakers\">By&nbsp;<strong><a href=\"https:\/\/vstt.ch\/fr\/speaker\/zoe-medici\/\">Zoe Medici<\/a><\/strong>&nbsp;<\/div><\/div><br class=\"clear\"\/><\/div><\/li><li class=\"themeborder svpm \"><div class=\"session_content_wrapper expandable\" data-expandid=\"excerpt_7267\"><div class=\"session_speaker_thumb\"><img decoding=\"async\" src=\"https:\/\/vstt.ch\/wp-content\/uploads\/2025\/12\/Team.png\" alt=\"Diana Gliga\"\/><\/div><div class=\"session_content has_speaker_thumb\"><div class=\"session_start_time\">11:00&nbsp;-&nbsp;11:15<\/div><div class=\"session_title\"><h6>M\u00fcckenbek\u00e4mpfung in der Pferdehaltung \u2013 praktische Massnahmen zur Vektorkontrolle<\/h6><\/div><div class=\"session_speakers\">By&nbsp;<strong><a href=\"https:\/\/vstt.ch\/fr\/speaker\/diana-gliga\/\">Diana Gliga<\/a><\/strong>&nbsp;<\/div><\/div><br class=\"clear\"\/><\/div><\/li><li class=\"themeborder svk \"><div class=\"session_content_wrapper expandable\" data-expandid=\"excerpt_7086\"><div class=\"session_speaker_thumb \"><img decoding=\"async\" src=\"https:\/\/vstt.ch\/wp-content\/uploads\/2025\/12\/Team.png\" alt=\"Isabelle Iff\"\/><img decoding=\"async\" src=\"https:\/\/vstt.ch\/wp-content\/uploads\/2025\/12\/Knell-e1772552701335-150x150.jpg\" alt=\"Sebastian Knell\"\/><\/div><div class=\"session_content has_speaker_thumb\"><div class=\"session_start_time\">11:15&nbsp;-&nbsp;11:45<\/div><div class=\"session_title\"><h6>Sofa sessions: Osteoarthrose-Management beim Hund - Tipps und Tricks vom Spezialisten<\/h6><\/div><div class=\"session_speakers\">By&nbsp;<strong><a href=\"https:\/\/vstt.ch\/fr\/speaker\/isabelle-iff\/\">Isabelle Iff<\/a><\/strong>&nbsp;,&nbsp;<strong><a href=\"https:\/\/vstt.ch\/fr\/speaker\/sebastian-knell\/\">Sebastian Knell<\/a><\/strong>&nbsp;<\/div><\/div><br class=\"clear\"\/><\/div><\/li><li class=\"themeborder svsm \"><div class=\"session_content_wrapper expandable\" data-expandid=\"excerpt_7106\"><div class=\"session_speaker_thumb\"><img decoding=\"async\" src=\"https:\/\/vstt.ch\/wp-content\/uploads\/2025\/12\/Team.png\" alt=\"Isabelle Gangnat\"\/><\/div><div class=\"session_content has_speaker_thumb\"><div class=\"session_start_time\">11:15&nbsp;-&nbsp;11:45<\/div><div class=\"session_title\"><h6>F\u00fctterungsans\u00e4tze gegen \u00abfette Schweineb\u00e4uche\u00bb<\/h6><\/div><div class=\"session_speakers\">By&nbsp;<strong><a href=\"https:\/\/vstt.ch\/fr\/speaker\/isabelle-gangnat\/\">Isabelle Gangnat<\/a><\/strong>&nbsp;<\/div><\/div><br class=\"clear\"\/><\/div><\/li><li class=\"themeborder svvld \"><div class=\"session_content_wrapper expandable\" data-expandid=\"excerpt_7126\"><div class=\"session_speaker_thumb\"><img decoding=\"async\" src=\"https:\/\/vstt.ch\/wp-content\/uploads\/2025\/12\/Team.png\" alt=\"Laura Stein\"\/><\/div><div class=\"session_content has_speaker_thumb\"><div class=\"session_start_time\">11:15&nbsp;-&nbsp;11:30<\/div><div class=\"session_title\"><h6>Assays for detection of bovine tuberculosis<\/h6><\/div><div class=\"session_speakers\">By&nbsp;<strong><a href=\"https:\/\/vstt.ch\/fr\/speaker\/laura-stein\/\">Laura Stein<\/a><\/strong>&nbsp;<\/div><\/div><br class=\"clear\"\/><\/div><\/li><li class=\"themeborder camvet-ch \"><div class=\"session_content_wrapper expandable\" data-expandid=\"excerpt_7181\"><div class=\"session_speaker_thumb\"><img decoding=\"async\" src=\"https:\/\/vstt.ch\/wp-content\/uploads\/2025\/12\/Team.png\" alt=\"Alexandra Nadig\"\/><\/div><div class=\"session_content has_speaker_thumb\"><div class=\"session_start_time\">11:15&nbsp;-&nbsp;11:45<\/div><div class=\"session_title\"><h6>Phytotherapie in der supportiven Epilepsie-Therapie<\/h6><\/div><div class=\"session_speakers\">By&nbsp;<strong><a href=\"https:\/\/vstt.ch\/fr\/speaker\/alexandra-nadig\/\">Alexandra Nadig<\/a><\/strong>&nbsp;<\/div><\/div><br class=\"clear\"\/><\/div><\/li><li class=\"themeborder gst-svs journee-francophone \"><div class=\"session_content_wrapper expandable\" data-expandid=\"excerpt_7213\"><div class=\"session_speaker_thumb\"><img decoding=\"async\" src=\"https:\/\/vstt.ch\/wp-content\/uploads\/2025\/12\/Bossaert-e1772098221296-150x150.jpeg\" alt=\"Kristin Bossaert\"\/><\/div><div class=\"session_content has_speaker_thumb\"><div class=\"session_start_time\">11:15&nbsp;-&nbsp;11:45<\/div><div class=\"session_title\"><h6>Impact des antibiotiques et des antiparasitaires sur l\u2019environnement, r\u00e9sistances et alternatives<\/h6><\/div><div class=\"session_speakers\">By&nbsp;<strong><a href=\"https:\/\/vstt.ch\/fr\/speaker\/kristin-bossaert\/\">Kristin Bossaert<\/a><\/strong>&nbsp;<\/div><\/div><br class=\"clear\"\/><\/div><\/li><li class=\"themeborder svpm \"><div class=\"session_content_wrapper expandable\" data-expandid=\"excerpt_8302\"><div class=\"session_speaker_thumb\"><img decoding=\"async\" src=\"https:\/\/vstt.ch\/wp-content\/uploads\/2025\/12\/Team.png\" alt=\"Paula Billman\"\/><\/div><div class=\"session_content has_speaker_thumb\"><div class=\"session_start_time\">11:15&nbsp;-&nbsp;11:30<\/div><div class=\"session_title\"><h6>Evaluating the utility of beta-endorphin alone and in combination with adrenocorticotropic hormone in the diagnosis of pituitary pars intermedia dysfunction<\/h6><\/div><div class=\"session_speakers\">By&nbsp;<strong><a href=\"https:\/\/vstt.ch\/fr\/speaker\/paula-billman\/\">Paula Billman<\/a><\/strong>&nbsp;<\/div><\/div><br class=\"clear\"\/><\/div><\/li><li class=\"themeborder svvld \"><div class=\"session_content_wrapper expandable\" data-expandid=\"excerpt_7131\"><div class=\"session_speaker_thumb\"><img decoding=\"async\" src=\"https:\/\/vstt.ch\/wp-content\/uploads\/2025\/12\/Team.png\" alt=\"Efe Altuntas\"\/><\/div><div class=\"session_content has_speaker_thumb\"><div class=\"session_start_time\">11:30&nbsp;-&nbsp;11:45<\/div><div class=\"session_title\"><h6>Chlamydia abortus survival in the ruminant placenta<\/h6><\/div><div class=\"session_speakers\">By&nbsp;<strong><a href=\"https:\/\/vstt.ch\/fr\/speaker\/efe-altuntas\/\">Efe Altuntas<\/a><\/strong>&nbsp;<\/div><\/div><br class=\"clear\"\/><\/div><\/li><li class=\"themeborder tpa \"><div class=\"session_content_wrapper expandable\" data-expandid=\"excerpt_7253\"><div class=\"session_speaker_thumb\"><img decoding=\"async\" src=\"https:\/\/vstt.ch\/wp-content\/uploads\/2025\/12\/Team.png\" alt=\"Nadja Sigrist\"\/><\/div><div class=\"session_content has_speaker_thumb\"><div class=\"session_start_time\">11:30&nbsp;-&nbsp;12:15<\/div><div class=\"session_title\"><h6>L\u00e4hmungen, Stupor und ihre toxischen Ursachen<\/h6><\/div><div class=\"session_speakers\">By&nbsp;<strong><a href=\"https:\/\/vstt.ch\/fr\/speaker\/nadja-sigrist\/\">Nadja Sigrist<\/a><\/strong>&nbsp;<\/div><\/div><br class=\"clear\"\/><\/div><\/li><li class=\"themeborder svpm \"><div class=\"session_content_wrapper expandable\" data-expandid=\"excerpt_8304\"><div class=\"session_speaker_thumb\"><img decoding=\"async\" src=\"https:\/\/vstt.ch\/wp-content\/uploads\/2025\/12\/Team.png\" alt=\"Selina Gantner\"\/><\/div><div class=\"session_content has_speaker_thumb\"><div class=\"session_start_time\">11:30&nbsp;-&nbsp;11:45<\/div><div class=\"session_title\"><h6>Eine retrospektive Studie zur Fixation von Hufbeinfrakturen mittels Computertomographie und Aiming Device: Technik und Outcome<\/h6><\/div><div class=\"session_speakers\">By&nbsp;<strong><a href=\"https:\/\/vstt.ch\/fr\/speaker\/selina-gantner\/\">Selina Gantner<\/a><\/strong>&nbsp;<\/div><\/div><br class=\"clear\"\/><\/div><\/li><li class=\"themeborder svk \"><div class=\"session_content_wrapper expandable\" data-expandid=\"excerpt_7088\"><div class=\"session_speaker_thumb \"><img decoding=\"async\" src=\"https:\/\/vstt.ch\/wp-content\/uploads\/2025\/12\/Team.png\" alt=\"Isabelle Iff\"\/><img decoding=\"async\" src=\"https:\/\/vstt.ch\/wp-content\/uploads\/2025\/12\/Knell-e1772552701335-150x150.jpg\" alt=\"Sebastian Knell\"\/><\/div><div class=\"session_content has_speaker_thumb\"><div class=\"session_start_time\">11:45&nbsp;-&nbsp;12:15<\/div><div class=\"session_title\"><h6>Sofa sessions: Osteoarthrose-Management bei der Katze - Tipps und Tricks vom Spezialisten<\/h6><\/div><div class=\"session_speakers\">By&nbsp;<strong><a href=\"https:\/\/vstt.ch\/fr\/speaker\/isabelle-iff\/\">Isabelle Iff<\/a><\/strong>&nbsp;,&nbsp;<strong><a href=\"https:\/\/vstt.ch\/fr\/speaker\/sebastian-knell\/\">Sebastian Knell<\/a><\/strong>&nbsp;<\/div><\/div><br class=\"clear\"\/><\/div><\/li><li class=\"themeborder svsm \"><div class=\"session_content_wrapper expandable\" data-expandid=\"excerpt_7108\"><div class=\"session_speaker_thumb\"><img decoding=\"async\" src=\"https:\/\/vstt.ch\/wp-content\/uploads\/2025\/12\/Giordanella-150x150.jpg\" alt=\"Antonia Giordanella\"\/><\/div><div class=\"session_content has_speaker_thumb\"><div class=\"session_start_time\">11:45&nbsp;-&nbsp;12:15<\/div><div class=\"session_title\"><h6>Risiko Zinkmangel bei der Biof\u00fctterung<\/h6><\/div><div class=\"session_speakers\">By&nbsp;<strong><a href=\"https:\/\/vstt.ch\/fr\/speaker\/antonia-giordanella\/\">Antonia Giordanella<\/a><\/strong>&nbsp;<\/div><\/div><br class=\"clear\"\/><\/div><\/li><li class=\"themeborder svvld \"><div class=\"session_content_wrapper expandable\" data-expandid=\"excerpt_7136\"><div class=\"session_speaker_thumb\"><img decoding=\"async\" src=\"https:\/\/vstt.ch\/wp-content\/uploads\/2025\/12\/Team.png\" alt=\"Corinne Gerber\"\/><\/div><div class=\"session_content has_speaker_thumb\"><div class=\"session_start_time\">11:45&nbsp;-&nbsp;12:00<\/div><div class=\"session_title\"><h6>Virusvielfalt in V\u00f6geln und Zecken in der Schweiz<\/h6><\/div><div class=\"session_speakers\">By&nbsp;<strong><a href=\"https:\/\/vstt.ch\/fr\/speaker\/corinne-gerber\/\">Corinne Gerber<\/a><\/strong>&nbsp;<\/div><\/div><br class=\"clear\"\/><\/div><\/li><li class=\"themeborder camvet-ch \"><div class=\"session_content_wrapper expandable\" data-expandid=\"excerpt_7183\"><div class=\"session_speaker_thumb\"><img decoding=\"async\" src=\"https:\/\/vstt.ch\/wp-content\/uploads\/2025\/12\/Kalchofner-150x150.jpg\" alt=\"Karin Kalchofner\"\/><\/div><div class=\"session_content has_speaker_thumb\"><div class=\"session_start_time\">11:45&nbsp;-&nbsp;12:15<\/div><div class=\"session_title\"><h6>Mit Nadeln gegen Anf\u00e4lle - TCM bei Epilepsie<\/h6><\/div><div class=\"session_speakers\">By&nbsp;<strong><a href=\"https:\/\/vstt.ch\/fr\/speaker\/karin-kalchofner\/\">Karin Kalchofner<\/a><\/strong>&nbsp;<\/div><\/div><br class=\"clear\"\/><\/div><\/li><li class=\"themeborder gst-svs journee-francophone \"><div class=\"session_content_wrapper expandable\" data-expandid=\"excerpt_7216\"><div class=\"session_speaker_thumb\"><img decoding=\"async\" src=\"https:\/\/vstt.ch\/wp-content\/uploads\/2025\/12\/Team.png\" alt=\"Christine Watt\u00e9\"\/><\/div><div class=\"session_content has_speaker_thumb\"><div class=\"session_start_time\">11:45&nbsp;-&nbsp;12:15<\/div><div class=\"session_title\"><h6>Entre collyres, injections, laser et chirurgie: quelle route pour mon patient glaucomateux?<\/h6><\/div><div class=\"session_speakers\">By&nbsp;<strong><a href=\"https:\/\/vstt.ch\/fr\/speaker\/christine-watte\/\">Christine Watt\u00e9<\/a><\/strong>&nbsp;<\/div><\/div><br class=\"clear\"\/><\/div><\/li><li class=\"themeborder svpm \"><div class=\"session_content_wrapper expandable\" data-expandid=\"excerpt_7273\"><div class=\"session_speaker_thumb\"><img decoding=\"async\" src=\"https:\/\/vstt.ch\/wp-content\/uploads\/2025\/12\/Team.png\" alt=\"Reto Wyss\"\/><\/div><div class=\"session_content has_speaker_thumb\"><div class=\"session_start_time\">11:45&nbsp;-&nbsp;12:15<\/div><div class=\"session_title\"><h6>Was tun beim Ausbruch einer Tierseuche?<\/h6><\/div><div class=\"session_speakers\">By&nbsp;<strong><a href=\"https:\/\/vstt.ch\/fr\/speaker\/reto-wyss\/\">Reto Wyss<\/a><\/strong>&nbsp;<\/div><\/div><br class=\"clear\"\/><\/div><\/li><li class=\"themeborder svvld \"><div class=\"session_content_wrapper expandable\" data-expandid=\"excerpt_7138\"><div class=\"session_speaker_thumb\"><img decoding=\"async\" src=\"https:\/\/vstt.ch\/wp-content\/uploads\/2025\/12\/Team.png\" alt=\"Pia Cigler\"\/><\/div><div class=\"session_content has_speaker_thumb\"><div class=\"session_start_time\">12:00&nbsp;-&nbsp;12:15<\/div><div class=\"session_title\"><h6>IFAT for detection of Trypanosoma spp. in Alpine swifts<\/h6><\/div><div class=\"session_speakers\">By&nbsp;<strong><a href=\"https:\/\/vstt.ch\/fr\/speaker\/pia-cigler\/\">Pia Cigler<\/a><\/strong>&nbsp;<\/div><\/div><br class=\"clear\"\/><\/div><\/li><li class=\"themeborder camvet-ch gst-svs journee-francophone plenum svk svpm svsm svvld svw tpa \"><div class=\"session_content_wrapper expandable\" data-expandid=\"excerpt_260\"><div class=\"session_speaker_icon\"><span class=\"ti-timer\"><\/span><\/div><div class=\"session_content has_speaker_thumb\"><div class=\"session_start_time\">12:15&nbsp;-&nbsp;13:30<\/div><div class=\"session_title\"><h6>Lunch & Industrieausstellung<\/h6><\/div><\/div><br class=\"clear\"\/><\/div><\/li><li class=\"themeborder svk \"><div class=\"session_content_wrapper expandable\" data-expandid=\"excerpt_7090\"><div class=\"session_speaker_thumb \"><img decoding=\"async\" src=\"https:\/\/vstt.ch\/wp-content\/uploads\/2025\/12\/Kantyka-150x150.png\" alt=\"Marta Kantyka\"\/><img decoding=\"async\" src=\"https:\/\/vstt.ch\/wp-content\/uploads\/2025\/12\/Heitzmann-150x150.jpg\" alt=\"Vanessa Heitzmann\"\/><\/div><div class=\"session_content has_speaker_thumb\"><div class=\"session_start_time\">13:30&nbsp;-&nbsp;14:00<\/div><div class=\"session_title\"><h6>Pr\u00e4-, intra- und postoperative Analgesie: Aktuelle Strategien<\/h6><\/div><div class=\"session_speakers\">By&nbsp;<strong><a href=\"https:\/\/vstt.ch\/fr\/speaker\/marta-kantyka\/\">Marta Kantyka<\/a><\/strong>&nbsp;,&nbsp;<strong><a href=\"https:\/\/vstt.ch\/fr\/speaker\/vanessa-heitzmann\/\">Vanessa Heitzmann<\/a><\/strong>&nbsp;<\/div><\/div><br class=\"clear\"\/><\/div><\/li><li class=\"themeborder svsm svw \"><div class=\"session_content_wrapper expandable\" data-expandid=\"excerpt_7110\"><div class=\"session_speaker_thumb\"><img decoding=\"async\" src=\"https:\/\/vstt.ch\/wp-content\/uploads\/2025\/12\/Team.png\" alt=\"Veronika Nagl\"\/><\/div><div class=\"session_content has_speaker_thumb\"><div class=\"session_start_time\">13:30&nbsp;-&nbsp;14:00<\/div><div class=\"session_title\"><h6>Mykotoxine bei Rind und Schwein - Entstehung, Untersuchung, Richtwerte<\/h6><\/div><div class=\"session_speakers\">By&nbsp;<strong><a href=\"https:\/\/vstt.ch\/fr\/speaker\/veronika-nagel\/\">Veronika Nagl<\/a><\/strong>&nbsp;<\/div><\/div><br class=\"clear\"\/><\/div><\/li><li class=\"themeborder svvld \"><div class=\"session_content_wrapper expandable\" data-expandid=\"excerpt_7152\"><div class=\"session_speaker_thumb\"><img decoding=\"async\" src=\"https:\/\/vstt.ch\/wp-content\/uploads\/2025\/12\/Novacco-150x150.png\" alt=\"Marilisa Novacco\"\/><\/div><div class=\"session_content has_speaker_thumb\"><div class=\"session_start_time\">13:30&nbsp;-&nbsp;14:00<\/div><div class=\"session_title\"><h6>Flow cytometry in veterinary medicine: principles, sample handling, and practical limitations<\/h6><\/div><div class=\"session_speakers\">By&nbsp;<strong><a href=\"https:\/\/vstt.ch\/fr\/speaker\/marilisa-novacco\/\">Marilisa Novacco<\/a><\/strong>&nbsp;<\/div><\/div><br class=\"clear\"\/><\/div><\/li><li class=\"themeborder camvet-ch \"><div class=\"session_content_wrapper expandable\" data-expandid=\"excerpt_7186\"><div class=\"session_speaker_thumb\"><img decoding=\"async\" src=\"https:\/\/vstt.ch\/wp-content\/uploads\/2025\/12\/Team.png\" alt=\"Veronika Stein\"\/><\/div><div class=\"session_content has_speaker_thumb\"><div class=\"session_start_time\">13:30&nbsp;-&nbsp;14:00<\/div><div class=\"session_title\"><h6>Vom Schwindel zu Diagnose und Therapie \u2013 Ein Update zum Vestibularsyndrom<\/h6><\/div><div class=\"session_speakers\">By&nbsp;<strong><a href=\"https:\/\/vstt.ch\/fr\/speaker\/veronika-stein\/\">Veronika Stein<\/a><\/strong>&nbsp;<\/div><\/div><br class=\"clear\"\/><\/div><\/li><li class=\"themeborder gst-svs journee-francophone \"><div class=\"session_content_wrapper expandable\" data-expandid=\"excerpt_7218\"><div class=\"session_speaker_thumb\"><img decoding=\"async\" src=\"https:\/\/vstt.ch\/wp-content\/uploads\/2025\/12\/Dayer-Linon-150x150.jpg\" alt=\"Elisa Dayer-Linon\"\/><\/div><div class=\"session_content has_speaker_thumb\"><div class=\"session_start_time\">13:30&nbsp;-&nbsp;14:00<\/div><div class=\"session_title\"><h6>Torsion d\u2019estomac: de l\u2019urgence nocturne \u00e0 la pr\u00e9vention \u2013 un update pratique<\/h6><\/div><div class=\"session_speakers\">By&nbsp;<strong><a href=\"https:\/\/vstt.ch\/fr\/speaker\/elisa-dayer-linon\/\">Elisa Dayer-Linon<\/a><\/strong>&nbsp;<\/div><\/div><br class=\"clear\"\/><\/div><\/li><li class=\"themeborder tpa \"><div class=\"session_content_wrapper expandable\" data-expandid=\"excerpt_7255\"><div class=\"session_speaker_thumb\"><img decoding=\"async\" src=\"https:\/\/vstt.ch\/wp-content\/uploads\/2025\/12\/Team.png\" alt=\"Nadja Sigrist\"\/><\/div><div class=\"session_content has_speaker_thumb\"><div class=\"session_start_time\">13:30&nbsp;-&nbsp;14:15<\/div><div class=\"session_title\"><h6>Giftige Lebensmittel: von Avocado bis Xylitol<\/h6><\/div><div class=\"session_speakers\">By&nbsp;<strong><a href=\"https:\/\/vstt.ch\/fr\/speaker\/nadja-sigrist\/\">Nadja Sigrist<\/a><\/strong>&nbsp;<\/div><\/div><br class=\"clear\"\/><\/div><\/li><li class=\"themeborder svpm \"><div class=\"session_content_wrapper expandable\" data-expandid=\"excerpt_8306\"><div class=\"session_speaker_thumb\"><img decoding=\"async\" src=\"https:\/\/vstt.ch\/wp-content\/uploads\/2025\/12\/Team.png\" alt=\"Manon Straub\"\/><\/div><div class=\"session_content has_speaker_thumb\"><div class=\"session_start_time\">13:30&nbsp;-&nbsp;13:45<\/div><div class=\"session_title\"><h6>Prevalence and Diagnostic Detection of Salmonella enterica Shedding in Hospitalized Horses with Enterocolitis in Switzerland<\/h6><\/div><div class=\"session_speakers\">By&nbsp;<strong><a href=\"https:\/\/vstt.ch\/fr\/speaker\/manon-straub\/\">Manon Straub<\/a><\/strong>&nbsp;<\/div><\/div><br class=\"clear\"\/><\/div><\/li><li class=\"themeborder svpm \"><div class=\"session_content_wrapper expandable\" data-expandid=\"excerpt_7277\"><div class=\"session_speaker_thumb\"><img decoding=\"async\" src=\"https:\/\/vstt.ch\/wp-content\/uploads\/2025\/02\/Unger-150x150.jpg\" alt=\"Lucia Unger\"\/><\/div><div class=\"session_content has_speaker_thumb\"><div class=\"session_start_time\">13:45&nbsp;-&nbsp;14:15<\/div><div class=\"session_title\"><h6>Neurologische Untersuchung beim Pferd \u2013 Strukturierte Herangehensweise<\/h6><\/div><div class=\"session_speakers\">By&nbsp;<strong><a href=\"https:\/\/vstt.ch\/fr\/speaker\/lucia-unger\/\">Lucia Unger<\/a><\/strong>&nbsp;<\/div><\/div><br class=\"clear\"\/><\/div><\/li><li class=\"themeborder svk \"><div class=\"session_content_wrapper expandable\" data-expandid=\"excerpt_7092\"><div class=\"session_speaker_thumb \"><img decoding=\"async\" src=\"https:\/\/vstt.ch\/wp-content\/uploads\/2025\/12\/Kantyka-150x150.png\" alt=\"Marta Kantyka\"\/><img decoding=\"async\" src=\"https:\/\/vstt.ch\/wp-content\/uploads\/2025\/12\/Heitzmann-150x150.jpg\" alt=\"Vanessa Heitzmann\"\/><\/div><div class=\"session_content has_speaker_thumb\"><div class=\"session_start_time\">14:00&nbsp;-&nbsp;14:30<\/div><div class=\"session_title\"><h6>Zwei Wege nach Rom: An\u00e4sthesie- und Analgesiekonzepte zur Pr\u00e4vention von Phantomschmerzen nach Amputationen<\/h6><\/div><div class=\"session_speakers\">By&nbsp;<strong><a href=\"https:\/\/vstt.ch\/fr\/speaker\/marta-kantyka\/\">Marta Kantyka<\/a><\/strong>&nbsp;,&nbsp;<strong><a href=\"https:\/\/vstt.ch\/fr\/speaker\/vanessa-heitzmann\/\">Vanessa Heitzmann<\/a><\/strong>&nbsp;<\/div><\/div><br class=\"clear\"\/><\/div><\/li><li class=\"themeborder svsm svw \"><div class=\"session_content_wrapper expandable\" data-expandid=\"excerpt_7112\"><div class=\"session_speaker_thumb\"><img decoding=\"async\" src=\"https:\/\/vstt.ch\/wp-content\/uploads\/2025\/12\/Team.png\" alt=\"Veronika Nagl\"\/><\/div><div class=\"session_content has_speaker_thumb\"><div class=\"session_start_time\">14:00&nbsp;-&nbsp;14:30<\/div><div class=\"session_title\"><h6>Mykotoxine bei Rind und Schwein - Bedeutung, Propylaxe, Massnahmen<\/h6><\/div><div class=\"session_speakers\">By&nbsp;<strong><a href=\"https:\/\/vstt.ch\/fr\/speaker\/veronika-nagel\/\">Veronika Nagl<\/a><\/strong>&nbsp;<\/div><\/div><br class=\"clear\"\/><\/div><\/li><li class=\"themeborder svvld \"><div class=\"session_content_wrapper expandable\" data-expandid=\"excerpt_7160\"><div class=\"session_speaker_thumb\"><img decoding=\"async\" src=\"https:\/\/vstt.ch\/wp-content\/uploads\/2025\/12\/Novacco-150x150.png\" alt=\"Marilisa Novacco\"\/><\/div><div class=\"session_content has_speaker_thumb\"><div class=\"session_start_time\">14:00&nbsp;-&nbsp;14:30<\/div><div class=\"session_title\"><h6>Applied flow cytometry: diagnostic value and clinical utility in veterinary medicine<\/h6><\/div><div class=\"session_speakers\">By&nbsp;<strong><a href=\"https:\/\/vstt.ch\/fr\/speaker\/marilisa-novacco\/\">Marilisa Novacco<\/a><\/strong>&nbsp;<\/div><\/div><br class=\"clear\"\/><\/div><\/li><li class=\"themeborder camvet-ch \"><div class=\"session_content_wrapper expandable\" data-expandid=\"excerpt_7189\"><div class=\"session_speaker_thumb\"><img decoding=\"async\" src=\"https:\/\/vstt.ch\/wp-content\/uploads\/2025\/12\/Team.png\" alt=\"Alexandra Nadig\"\/><\/div><div class=\"session_content has_speaker_thumb\"><div class=\"session_start_time\">14:00&nbsp;-&nbsp;14:30<\/div><div class=\"session_title\"><h6>Das geriatrische Vestibularsyndrom phytotherapeutisch begleiten<\/h6><\/div><div class=\"session_speakers\">By&nbsp;<strong><a href=\"https:\/\/vstt.ch\/fr\/speaker\/alexandra-nadig\/\">Alexandra Nadig<\/a><\/strong>&nbsp;<\/div><\/div><br class=\"clear\"\/><\/div><\/li><li class=\"themeborder gst-svs journee-francophone \"><div class=\"session_content_wrapper expandable\" data-expandid=\"excerpt_7220\"><div class=\"session_speaker_thumb\"><img decoding=\"async\" src=\"https:\/\/vstt.ch\/wp-content\/uploads\/2025\/12\/Team.png\" alt=\"Mich\u00e8le Bodmer\"\/><\/div><div class=\"session_content has_speaker_thumb\"><div class=\"session_start_time\">14:00&nbsp;-&nbsp;14:30<\/div><div class=\"session_title\"><h6>Mammites bovines \u2013 diagnostique et d\u00e9cision de traitement<\/h6><\/div><div class=\"session_speakers\">By&nbsp;<strong><a href=\"https:\/\/vstt.ch\/fr\/speaker\/michele-bodmer\/\">Mich\u00e8le Bodmer<\/a><\/strong>&nbsp;<\/div><\/div><br class=\"clear\"\/><\/div><\/li><li class=\"themeborder tpa \"><div class=\"session_content_wrapper expandable\" data-expandid=\"excerpt_7257\"><div class=\"session_speaker_thumb\"><img decoding=\"async\" src=\"https:\/\/vstt.ch\/wp-content\/uploads\/2025\/12\/Team.png\" alt=\"Nadja Sigrist\"\/><\/div><div class=\"session_content has_speaker_thumb\"><div class=\"session_start_time\">14:15&nbsp;-&nbsp;15:00<\/div><div class=\"session_title\"><h6>Achtung! Toxisch f\u00fcr die Katze<\/h6><\/div><div class=\"session_speakers\">By&nbsp;<strong><a href=\"https:\/\/vstt.ch\/fr\/speaker\/nadja-sigrist\/\">Nadja Sigrist<\/a><\/strong>&nbsp;<\/div><\/div><br class=\"clear\"\/><\/div><\/li><li class=\"themeborder svpm \"><div class=\"session_content_wrapper expandable\" data-expandid=\"excerpt_8329\"><div class=\"session_speaker_thumb\"><img decoding=\"async\" src=\"https:\/\/vstt.ch\/wp-content\/uploads\/2025\/12\/Team.png\" alt=\"David Alexander Kopps\"\/><\/div><div class=\"session_content has_speaker_thumb\"><div class=\"session_start_time\">14:15&nbsp;-&nbsp;14:30<\/div><div class=\"session_title\"><h6>F\u00fchrt bei der offenen Kastration von Hengsten die kombinierte lokale Anwendung von Mepivacain-Bupivacain im Gegensatz zu Mepivacain allein zu Unterschieden bei postoperativen Schmerzen?<\/h6><\/div><div class=\"session_speakers\">By&nbsp;<strong><a href=\"https:\/\/vstt.ch\/fr\/speaker\/david-alexander-kopps\/\">David Alexander Kopps<\/a><\/strong>&nbsp;<\/div><\/div><br class=\"clear\"\/><\/div><\/li><li class=\"themeborder svk \"><div class=\"session_content_wrapper expandable\" data-expandid=\"excerpt_7094\"><div class=\"session_speaker_thumb\"><img decoding=\"async\" src=\"https:\/\/vstt.ch\/wp-content\/uploads\/2025\/12\/Mardell-e1772096462969-150x150.jpg\" alt=\"Ellie Mardell\"\/><\/div><div class=\"session_content has_speaker_thumb\"><div class=\"session_start_time\">14:30&nbsp;-&nbsp;15:00<\/div><div class=\"session_title\"><h6>Reduction in pain perception using \u00abcat friendly practice\u00bb techniques<\/h6><\/div><div class=\"session_speakers\">By&nbsp;<strong><a href=\"https:\/\/vstt.ch\/fr\/speaker\/ellie-mardell\/\">Ellie Mardell<\/a><\/strong>&nbsp;<\/div><\/div><br class=\"clear\"\/><\/div><\/li><li class=\"themeborder svsm \"><div class=\"session_content_wrapper expandable\" data-expandid=\"excerpt_7114\"><div class=\"session_speaker_thumb\"><img decoding=\"async\" src=\"https:\/\/vstt.ch\/wp-content\/uploads\/2025\/12\/Hartmann-e1771500151778-150x150.jpg\" alt=\"Stephanie Hartmann\"\/><\/div><div class=\"session_content has_speaker_thumb\"><div class=\"session_start_time\">14:30&nbsp;-&nbsp;15:00<\/div><div class=\"session_title\"><h6>Fallvorstellung - Mykotoxikose beim Schwein<\/h6><\/div><div class=\"session_speakers\">By&nbsp;<strong><a href=\"https:\/\/vstt.ch\/fr\/speaker\/stephanie-hartmann\/\">Stephanie Hartmann<\/a><\/strong>&nbsp;<\/div><\/div><br class=\"clear\"\/><\/div><\/li><li class=\"themeborder svvld \"><div class=\"session_content_wrapper expandable\" data-expandid=\"excerpt_7162\"><div class=\"session_speaker_thumb\"><img decoding=\"async\" src=\"https:\/\/vstt.ch\/wp-content\/uploads\/2025\/12\/Willi-150x150.jpg\" alt=\"Barbara Willi\"\/><\/div><div class=\"session_content has_speaker_thumb\"><div class=\"session_start_time\">14:30&nbsp;-&nbsp;15:00<\/div><div class=\"session_title\"><h6>Weniger bekannte Vektor-\u00fcbertragene Erkrankungen bei Katzen: Cytauxzoonose, Anaplasmose und Hepatozoonose<\/h6><\/div><div class=\"session_speakers\">By&nbsp;<strong><a href=\"https:\/\/vstt.ch\/fr\/speaker\/barbara-willi\/\">Barbara Willi<\/a><\/strong>&nbsp;<\/div><\/div><br class=\"clear\"\/><\/div><\/li><li class=\"themeborder camvet-ch \"><div class=\"session_content_wrapper expandable\" data-expandid=\"excerpt_7193\"><div class=\"session_speaker_thumb\"><img decoding=\"async\" src=\"https:\/\/vstt.ch\/wp-content\/uploads\/2025\/12\/Kalchofner-150x150.jpg\" alt=\"Karin Kalchofner\"\/><\/div><div class=\"session_content has_speaker_thumb\"><div class=\"session_start_time\">14:30&nbsp;-&nbsp;15:00<\/div><div class=\"session_title\"><h6>Wenn alles schwankt - TCM Strategien beim Vestibularsyndrom<\/h6><\/div><div class=\"session_speakers\">By&nbsp;<strong><a href=\"https:\/\/vstt.ch\/fr\/speaker\/karin-kalchofner\/\">Karin Kalchofner<\/a><\/strong>&nbsp;<\/div><\/div><br class=\"clear\"\/><\/div><\/li><li class=\"themeborder gst-svs journee-francophone \"><div class=\"session_content_wrapper expandable\" data-expandid=\"excerpt_7223\"><div class=\"session_speaker_thumb\"><img decoding=\"async\" src=\"https:\/\/vstt.ch\/wp-content\/uploads\/2025\/12\/dAnselme-150x150.jpg\" alt=\"Olivia d\u2019Anselme\"\/><\/div><div class=\"session_content has_speaker_thumb\"><div class=\"session_start_time\">14:30&nbsp;-&nbsp;15:00<\/div><div class=\"session_title\"><h6>Rendre la laparotomie plus simple: mise \u00e0 jour sur l\u2019anesth\u00e9sie du flanc<\/h6><\/div><div class=\"session_speakers\">By&nbsp;<strong><a href=\"https:\/\/vstt.ch\/fr\/speaker\/olivia-danselme\/\">Olivia d\u2019Anselme<\/a><\/strong>&nbsp;<\/div><\/div><br class=\"clear\"\/><\/div><\/li><li class=\"themeborder svpm \"><div class=\"session_content_wrapper expandable\" data-expandid=\"excerpt_7281\"><div class=\"session_speaker_thumb\"><img decoding=\"async\" src=\"https:\/\/vstt.ch\/wp-content\/uploads\/2025\/12\/Team.png\" alt=\"Marianne Depecker\"\/><\/div><div class=\"session_content has_speaker_thumb\"><div class=\"session_start_time\">14:30&nbsp;-&nbsp;15:00<\/div><div class=\"session_title\"><h6>Fallbeispiele aus der Pferdeneurologie<\/h6><\/div><div class=\"session_speakers\">By&nbsp;<strong><a href=\"https:\/\/vstt.ch\/fr\/speaker\/marianne-depecker\/\">Marianne Depecker<\/a><\/strong>&nbsp;<\/div><\/div><br class=\"clear\"\/><\/div><\/li><li class=\"themeborder camvet-ch gst-svs journee-francophone plenum svk svpm svsm svvld svw tpa \"><div class=\"session_content_wrapper expandable\" data-expandid=\"excerpt_243\"><div class=\"session_speaker_icon\"><span class=\"ti-timer\"><\/span><\/div><div class=\"session_content has_speaker_thumb\"><div class=\"session_start_time\">15:00&nbsp;-&nbsp;15:45<\/div><div class=\"session_title\"><h6>Kaffeepause & Industrieausstellung<\/h6><\/div><\/div><br class=\"clear\"\/><\/div><\/li><li class=\"themeborder svk \"><div class=\"session_content_wrapper expandable\" data-expandid=\"excerpt_7096\"><div class=\"session_speaker_thumb\"><img decoding=\"async\" src=\"https:\/\/vstt.ch\/wp-content\/uploads\/2025\/12\/Steinbach-150x150.jpg\" alt=\"Sarah Steinbach\"\/><\/div><div class=\"session_content has_speaker_thumb\"><div class=\"session_start_time\">15:45&nbsp;-&nbsp;16:15<\/div><div class=\"session_title\"><h6>Minimal-invasive Techniken in der Nephrologie<\/h6><\/div><div class=\"session_speakers\">By&nbsp;<strong><a href=\"https:\/\/vstt.ch\/fr\/speaker\/sarah-steinbach\/\">Sarah Steinbach<\/a><\/strong>&nbsp;<\/div><\/div><br class=\"clear\"\/><\/div><\/li><li class=\"themeborder svvld \"><div class=\"session_content_wrapper expandable\" data-expandid=\"excerpt_7164\"><div class=\"session_speaker_thumb\"><img decoding=\"async\" src=\"https:\/\/vstt.ch\/wp-content\/uploads\/2022\/02\/Team.png\" alt=\"Barbara Riond\"\/><\/div><div class=\"session_content has_speaker_thumb\"><div class=\"session_start_time\">15:45&nbsp;-&nbsp;16:30<\/div><div class=\"session_title\"><h6>Diagnostische Herausforderungen vektor\u00fcbertragener Erkrankungen bei Hund und Katze<\/h6><\/div><div class=\"session_speakers\">By&nbsp;<strong><a href=\"https:\/\/vstt.ch\/fr\/speaker\/barbara-riond\/\">Barbara Riond<\/a><\/strong>&nbsp;<\/div><\/div><br class=\"clear\"\/><\/div><\/li><li class=\"themeborder camvet-ch \"><div class=\"session_content_wrapper expandable\" data-expandid=\"excerpt_7195\"><div class=\"session_speaker_thumb\"><img decoding=\"async\" src=\"https:\/\/vstt.ch\/wp-content\/uploads\/2025\/12\/Team.png\" alt=\"Enrice H\u00fcnerfauth\"\/><\/div><div class=\"session_content has_speaker_thumb\"><div class=\"session_start_time\">15:45&nbsp;-&nbsp;16:15<\/div><div class=\"session_title\"><h6>Vergesslich, verwirrt, ver\u00e4ndert \u2013 Kognitive Dysfunktion beim Tier<\/h6><\/div><div class=\"session_speakers\">By&nbsp;<strong><a href=\"https:\/\/vstt.ch\/fr\/speaker\/enrice-huenerfauth\/\">Enrice H\u00fcnerfauth<\/a><\/strong>&nbsp;<\/div><\/div><br class=\"clear\"\/><\/div><\/li><li class=\"themeborder gst-svs journee-francophone \"><div class=\"session_content_wrapper expandable\" data-expandid=\"excerpt_7230\"><div class=\"session_speaker_thumb\"><img decoding=\"async\" src=\"https:\/\/vstt.ch\/wp-content\/uploads\/2024\/02\/Fuerst-150x150.jpg\" alt=\"Anton F\u00fcrst\"\/><\/div><div class=\"session_content has_speaker_thumb\"><div class=\"session_start_time\">15:45&nbsp;-&nbsp;16:15<\/div><div class=\"session_title\"><h6>Techniques modernes de castration chez la jument et l\u2019\u00e9talon<\/h6><\/div><div class=\"session_speakers\">By&nbsp;<strong><a href=\"https:\/\/vstt.ch\/fr\/speaker\/anton-fuerst\/\">Anton F\u00fcrst<\/a><\/strong>&nbsp;<\/div><\/div><br class=\"clear\"\/><\/div><\/li><li class=\"themeborder tpa \"><div class=\"session_content_wrapper expandable\" data-expandid=\"excerpt_7259\"><div class=\"session_speaker_thumb\"><img decoding=\"async\" src=\"https:\/\/vstt.ch\/wp-content\/uploads\/2025\/12\/Team.png\" alt=\"Nadja Sigrist\"\/><\/div><div class=\"session_content has_speaker_thumb\"><div class=\"session_start_time\">15:45&nbsp;-&nbsp;16:30<\/div><div class=\"session_title\"><h6>Humanmedizinische Schmerzmittel: wieso sie f\u00fcr Hunde und Katzen toxisch sind<\/h6><\/div><div class=\"session_speakers\">By&nbsp;<strong><a href=\"https:\/\/vstt.ch\/fr\/speaker\/nadja-sigrist\/\">Nadja Sigrist<\/a><\/strong>&nbsp;<\/div><\/div><br class=\"clear\"\/><\/div><\/li><li class=\"themeborder svpm \"><div class=\"session_content_wrapper expandable\" data-expandid=\"excerpt_7283\"><div class=\"session_speaker_thumb\"><img decoding=\"async\" src=\"https:\/\/vstt.ch\/wp-content\/uploads\/2025\/02\/Unger-150x150.jpg\" alt=\"Lucia Unger\"\/><\/div><div class=\"session_content has_speaker_thumb\"><div class=\"session_start_time\">15:45&nbsp;-&nbsp;16:30<\/div><div class=\"session_title\"><h6>Therapie und Stabilisation neurologischer Pferdepatienten \u2013 Akutmanagement und klinische Entscheidungsfindung<\/h6><\/div><div class=\"session_speakers\">By&nbsp;<strong><a href=\"https:\/\/vstt.ch\/fr\/speaker\/lucia-unger\/\">Lucia Unger<\/a><\/strong>&nbsp;<\/div><\/div><br class=\"clear\"\/><\/div><\/li><li class=\"themeborder svsm svw \"><div class=\"session_content_wrapper expandable\" data-expandid=\"excerpt_7439\"><div class=\"session_speaker_thumb\"><img decoding=\"async\" src=\"https:\/\/vstt.ch\/wp-content\/uploads\/2022\/02\/Team.png\" alt=\"Doktorand:innen SVW und SVSM\"\/><\/div><div class=\"session_content has_speaker_thumb\"><div class=\"session_start_time\">15:45&nbsp;-&nbsp;17:15<\/div><div class=\"session_title\"><h6>Neues aus der Wissenschaft<\/h6><\/div><div class=\"session_speakers\">By&nbsp;<strong><a href=\"https:\/\/vstt.ch\/fr\/speaker\/doktorandinnen-svw-und-svsm\/\">Doktorand:innen SVW und SVSM<\/a><\/strong>&nbsp;<\/div><\/div><br class=\"clear\"\/><\/div><\/li><li class=\"themeborder svk \"><div class=\"session_content_wrapper expandable\" data-expandid=\"excerpt_7098\"><div class=\"session_speaker_thumb\"><img decoding=\"async\" src=\"https:\/\/vstt.ch\/wp-content\/uploads\/2025\/12\/Steinbach-150x150.jpg\" alt=\"Sarah Steinbach\"\/><\/div><div class=\"session_content has_speaker_thumb\"><div class=\"session_start_time\">16:15&nbsp;-&nbsp;16:45<\/div><div class=\"session_title\"><h6>Katzen mit Uretersteinen: Management und Prognose<\/h6><\/div><div class=\"session_speakers\">By&nbsp;<strong><a href=\"https:\/\/vstt.ch\/fr\/speaker\/sarah-steinbach\/\">Sarah Steinbach<\/a><\/strong>&nbsp;<\/div><\/div><br class=\"clear\"\/><\/div><\/li><li class=\"themeborder camvet-ch \"><div class=\"session_content_wrapper expandable\" data-expandid=\"excerpt_7197\"><div class=\"session_speaker_thumb\"><img decoding=\"async\" src=\"https:\/\/vstt.ch\/wp-content\/uploads\/2025\/12\/Team.png\" alt=\"Alexandra Nadig\"\/><\/div><div class=\"session_content has_speaker_thumb\"><div class=\"session_start_time\">16:15&nbsp;-&nbsp;16:45<\/div><div class=\"session_title\"><h6>Kognitive Dysfunktion und seine phytotherapeutischen Ans\u00e4tze<\/h6><\/div><div class=\"session_speakers\">By&nbsp;<strong><a href=\"https:\/\/vstt.ch\/fr\/speaker\/alexandra-nadig\/\">Alexandra Nadig<\/a><\/strong>&nbsp;<\/div><\/div><br class=\"clear\"\/><\/div><\/li><li class=\"themeborder gst-svs journee-francophone \"><div class=\"session_content_wrapper expandable\" data-expandid=\"excerpt_7232\"><div class=\"session_speaker_thumb\"><img decoding=\"async\" src=\"https:\/\/vstt.ch\/wp-content\/uploads\/2025\/12\/Team.png\" alt=\"Maude Ouellette-Dub\u00e9\"\/><\/div><div class=\"session_content has_speaker_thumb\"><div class=\"session_start_time\">16:15&nbsp;-&nbsp;16:45<\/div><div class=\"session_title\"><h6>Quelles consid\u00e9rations \u00e9thiques dans le contexte de la castration des chevaux?<\/h6><\/div><div class=\"session_speakers\">By&nbsp;<strong><a href=\"https:\/\/vstt.ch\/fr\/speaker\/maude-ouellette-dube\/\">Maude Ouellette-Dub\u00e9<\/a><\/strong>&nbsp;<\/div><\/div><br class=\"clear\"\/><\/div><\/li><li class=\"themeborder svvld \"><div class=\"session_content_wrapper expandable\" data-expandid=\"excerpt_7169\"><div class=\"session_speaker_thumb\"><img decoding=\"async\" src=\"https:\/\/vstt.ch\/wp-content\/uploads\/2024\/12\/Meunier-e1771511061935-150x150.webp\" alt=\"Sol\u00e8ne Meunier\"\/><\/div><div class=\"session_content has_speaker_thumb\"><div class=\"session_start_time\">16:30&nbsp;-&nbsp;17:15<\/div><div class=\"session_title\"><h6>\u00abVBD live!\u00bb \u2013 Mitfiebern, Mitraten, Mitlernen: Klinische F\u00e4lle zum Mitmachen mit Fokus auf Leishmaniose<\/h6><\/div><div class=\"session_speakers\">By&nbsp;<strong><a href=\"https:\/\/vstt.ch\/fr\/speaker\/solene-meunier\/\">Sol\u00e8ne Meunier<\/a><\/strong>&nbsp;<\/div><\/div><br class=\"clear\"\/><\/div><\/li><li class=\"themeborder tpa \"><div class=\"session_content_wrapper expandable\" data-expandid=\"excerpt_7261\"><div class=\"session_speaker_thumb\"><img decoding=\"async\" src=\"https:\/\/vstt.ch\/wp-content\/uploads\/2025\/12\/Team.png\" alt=\"Nadja Sigrist\"\/><\/div><div class=\"session_content has_speaker_thumb\"><div class=\"session_start_time\">16:30&nbsp;-&nbsp;17:15<\/div><div class=\"session_title\"><h6>Humanmedizinische Medikamente: h\u00e4ufigste Intoxikationen<\/h6><\/div><div class=\"session_speakers\">By&nbsp;<strong><a href=\"https:\/\/vstt.ch\/fr\/speaker\/nadja-sigrist\/\">Nadja Sigrist<\/a><\/strong>&nbsp;<\/div><\/div><br class=\"clear\"\/><\/div><\/li><li class=\"themeborder svpm \"><div class=\"session_content_wrapper expandable\" data-expandid=\"excerpt_7285\"><div class=\"session_speaker_thumb\"><img decoding=\"async\" src=\"https:\/\/vstt.ch\/wp-content\/uploads\/2025\/12\/Team.png\" alt=\"Solange Oesch\"\/><\/div><div class=\"session_content has_speaker_thumb\"><div class=\"session_start_time\">16:30&nbsp;-&nbsp;17:00<\/div><div class=\"session_title\"><h6>Rehabilitation neurologischer Pferde \u2013 Wege zur\u00fcck zur Funktionalit\u00e4t<\/h6><\/div><div class=\"session_speakers\">By&nbsp;<strong><a href=\"https:\/\/vstt.ch\/fr\/speaker\/solange-oesch\/\">Solange Oesch<\/a><\/strong>&nbsp;<\/div><\/div><br class=\"clear\"\/><\/div><\/li><li class=\"themeborder svk \"><div class=\"session_content_wrapper expandable\" data-expandid=\"excerpt_7100\"><div class=\"session_speaker_thumb \"><img decoding=\"async\" src=\"https:\/\/vstt.ch\/wp-content\/uploads\/2025\/12\/Team.png\" alt=\"Isabelle Iff\"\/><img decoding=\"async\" src=\"https:\/\/vstt.ch\/wp-content\/uploads\/2025\/12\/Steinbach-150x150.jpg\" alt=\"Sarah Steinbach\"\/><\/div><div class=\"session_content has_speaker_thumb\"><div class=\"session_start_time\">16:45&nbsp;-&nbsp;17:15<\/div><div class=\"session_title\"><h6>Fall-basierte Diskussion zu Katzen mit Uretersteinen<\/h6><\/div><div class=\"session_speakers\">By&nbsp;<strong><a href=\"https:\/\/vstt.ch\/fr\/speaker\/isabelle-iff\/\">Isabelle Iff<\/a><\/strong>&nbsp;,&nbsp;<strong><a href=\"https:\/\/vstt.ch\/fr\/speaker\/sarah-steinbach\/\">Sarah Steinbach<\/a><\/strong>&nbsp;<\/div><\/div><br class=\"clear\"\/><\/div><\/li><li class=\"themeborder camvet-ch \"><div class=\"session_content_wrapper expandable\" data-expandid=\"excerpt_7202\"><div class=\"session_speaker_thumb\"><img decoding=\"async\" src=\"https:\/\/vstt.ch\/wp-content\/uploads\/2025\/12\/Kalchofner-150x150.jpg\" alt=\"Karin Kalchofner\"\/><\/div><div class=\"session_content has_speaker_thumb\"><div class=\"session_start_time\">16:45&nbsp;-&nbsp;17:15<\/div><div class=\"session_title\"><h6>Demenz beim Hund - TCM zur Unterst\u00fctzung der Gehirnfunktion<\/h6><\/div><div class=\"session_speakers\">By&nbsp;<strong><a href=\"https:\/\/vstt.ch\/fr\/speaker\/karin-kalchofner\/\">Karin Kalchofner<\/a><\/strong>&nbsp;<\/div><\/div><br class=\"clear\"\/><\/div><\/li><li class=\"themeborder gst-svs journee-francophone \"><div class=\"session_content_wrapper expandable\" data-expandid=\"excerpt_7247\"><div class=\"session_speaker_thumb \"><img decoding=\"async\" src=\"https:\/\/vstt.ch\/wp-content\/uploads\/2024\/02\/Fuerst-150x150.jpg\" alt=\"Anton F\u00fcrst\"\/><img decoding=\"async\" src=\"https:\/\/vstt.ch\/wp-content\/uploads\/2025\/12\/Team.png\" alt=\"Maude Ouellette-Dub\u00e9\"\/><img decoding=\"async\" src=\"https:\/\/vstt.ch\/wp-content\/uploads\/2025\/12\/Team.png\" alt=\"Dominik Burger\"\/><\/div><div class=\"session_content has_speaker_thumb\"><div class=\"session_start_time\">16:45&nbsp;-&nbsp;17:15<\/div><div class=\"session_title\"><h6>Table ronde: \u00abCastration \u00e9quine: entre science et conscience\u00bb<\/h6><\/div><div class=\"session_speakers\">By&nbsp;<strong><a href=\"https:\/\/vstt.ch\/fr\/speaker\/anton-fuerst\/\">Anton F\u00fcrst<\/a><\/strong>&nbsp;,&nbsp;<strong><a href=\"https:\/\/vstt.ch\/fr\/speaker\/maude-ouellette-dube\/\">Maude Ouellette-Dub\u00e9<\/a><\/strong>&nbsp;,&nbsp;<strong><a href=\"https:\/\/vstt.ch\/fr\/speaker\/dominik-burger\/\">Dominik Burger<\/a><\/strong>&nbsp;,&nbsp;<strong><a href=\"https:\/\/vstt.ch\/fr\/speaker\/gilles-thiebaud\/\">Gilles Thi\u00e9baud<\/a><\/strong>&nbsp;<\/div><\/div><br class=\"clear\"\/><\/div><\/li><li class=\"themeborder svpm \"><div class=\"session_content_wrapper expandable\" data-expandid=\"excerpt_7287\"><div class=\"session_speaker_icon\"><span class=\"ti-timer\"><\/span><\/div><div class=\"session_content has_speaker_thumb\"><div class=\"session_start_time\">17:00&nbsp;-&nbsp;17:15<\/div><div class=\"session_title\"><h6>Preisverleihung<\/h6><\/div><\/div><br class=\"clear\"\/><\/div><\/li><\/ul><ul id=\"8-mai-2026-freitag\" class=\"scheduleday_wrapper themeborder tab_content hide\"><li class=\"themeborder svk \"><div class=\"session_content_wrapper expandable\" data-expandid=\"excerpt_7292\"><div class=\"session_speaker_thumb\"><img decoding=\"async\" src=\"https:\/\/vstt.ch\/wp-content\/uploads\/2025\/12\/Massari-scaled-e1773739598346-150x150.jpeg\" alt=\"Federico Massari\"\/><\/div><div class=\"session_content has_speaker_thumb\"><div class=\"session_start_time\">08:30&nbsp;-&nbsp;09:15<\/div><div class=\"session_title\"><h6>Minimally invasive techniques in soft tissue surgery<\/h6><\/div><div class=\"session_speakers\">By&nbsp;<strong><a href=\"https:\/\/vstt.ch\/fr\/speaker\/federico-massari\/\">Federico Massari<\/a><\/strong>&nbsp;<\/div><\/div><br class=\"clear\"\/><\/div><\/li><li class=\"themeborder svw \"><div class=\"session_content_wrapper expandable\" data-expandid=\"excerpt_7315\"><div class=\"session_speaker_thumb\"><img decoding=\"async\" src=\"https:\/\/vstt.ch\/wp-content\/uploads\/2025\/12\/Team.png\" alt=\"Patrick Schlegel\"\/><\/div><div class=\"session_content has_speaker_thumb\"><div class=\"session_start_time\">08:30&nbsp;-&nbsp;09:15<\/div><div class=\"session_title\"><h6>Phosphotfreie F\u00fctterung bei Rindern?<\/h6><\/div><div class=\"session_speakers\">By&nbsp;<strong><a href=\"https:\/\/vstt.ch\/fr\/speaker\/patrick-schlegel\/\">Patrick Schlegel<\/a><\/strong>&nbsp;<\/div><\/div><br class=\"clear\"\/><\/div><\/li><li class=\"themeborder svvld \"><div class=\"session_content_wrapper expandable\" data-expandid=\"excerpt_7345\"><div class=\"session_speaker_thumb\"><img decoding=\"async\" src=\"https:\/\/vstt.ch\/wp-content\/uploads\/2025\/12\/Novacco-150x150.png\" alt=\"Marilisa Novacco\"\/><\/div><div class=\"session_content has_speaker_thumb\"><div class=\"session_start_time\">08:30&nbsp;-&nbsp;09:00<\/div><div class=\"session_title\"><h6>Haematology in rabbits and guinea pigs \u2013 what clinicians need to know<\/h6><\/div><div class=\"session_speakers\">By&nbsp;<strong><a href=\"https:\/\/vstt.ch\/fr\/speaker\/marilisa-novacco\/\">Marilisa Novacco<\/a><\/strong>&nbsp;<\/div><\/div><br class=\"clear\"\/><\/div><\/li><li class=\"themeborder camvet-ch \"><div class=\"session_content_wrapper expandable\" data-expandid=\"excerpt_7372\"><div class=\"session_speaker_thumb\"><img decoding=\"async\" src=\"https:\/\/vstt.ch\/wp-content\/uploads\/2025\/12\/Team.png\" alt=\"Melanie K\u00e4fer-Karrer\"\/><\/div><div class=\"session_content has_speaker_thumb\"><div class=\"session_start_time\">08:30&nbsp;-&nbsp;09:15<\/div><div class=\"session_title\"><h6>Headshaking - Neue Erkenntnisse zu Diagnose und Therapie<\/h6><\/div><div class=\"session_speakers\">By&nbsp;<strong><a href=\"https:\/\/vstt.ch\/fr\/speaker\/melanie-kaefer-karrer\/\">Melanie K\u00e4fer-Karrer<\/a><\/strong>&nbsp;<\/div><\/div><br class=\"clear\"\/><\/div><\/li><li class=\"themeborder gst-svs \"><div class=\"session_content_wrapper expandable\" data-expandid=\"excerpt_7392\"><div class=\"session_speaker_thumb\"><img decoding=\"async\" src=\"https:\/\/vstt.ch\/wp-content\/uploads\/2025\/12\/Team.png\" alt=\"Melanie Kocher\"\/><\/div><div class=\"session_content has_speaker_thumb\"><div class=\"session_start_time\">08:30&nbsp;-&nbsp;09:15<\/div><div class=\"session_title\"><h6>Tierschutzvollzug - Zusammenarbeit mit amtlichen Tier\u00e4rzten<\/h6><\/div><div class=\"session_speakers\">By&nbsp;<strong><a href=\"https:\/\/vstt.ch\/fr\/speaker\/melanie-kocher\/\">Melanie Kocher<\/a><\/strong>&nbsp;<\/div><\/div><br class=\"clear\"\/><\/div><\/li><li class=\"themeborder stvv \"><div class=\"session_content_wrapper expandable\" data-expandid=\"excerpt_7415\"><div class=\"session_speaker_thumb\"><img decoding=\"async\" src=\"https:\/\/vstt.ch\/wp-content\/uploads\/2023\/11\/Pereira-150x150.webp\" alt=\"Gon\u00e7alo Pereira\"\/><\/div><div class=\"session_content has_speaker_thumb\"><div class=\"session_start_time\">08:30&nbsp;-&nbsp;09:00<\/div><div class=\"session_title\"><h6>Understanding pain and its relation with behaviour \u2013 part I acute pain<\/h6><\/div><div class=\"session_speakers\">By&nbsp;<strong><a href=\"https:\/\/vstt.ch\/fr\/speaker\/goncalo-pereira\/\">Gon\u00e7alo Pereira<\/a><\/strong>&nbsp;<\/div><\/div><br class=\"clear\"\/><\/div><\/li><li class=\"themeborder svvld \"><div class=\"session_content_wrapper expandable\" data-expandid=\"excerpt_7349\"><div class=\"session_speaker_thumb\"><img decoding=\"async\" src=\"https:\/\/vstt.ch\/wp-content\/uploads\/2025\/12\/Kummrow-150x150.jpg\" alt=\"Maya Kummrow\"\/><\/div><div class=\"session_content has_speaker_thumb\"><div class=\"session_start_time\">09:00&nbsp;-&nbsp;09:30<\/div><div class=\"session_title\"><h6>Encephalitozoonse beim Kaninchen - Herausforderungen in der intra vital Diagnostik<\/h6><\/div><div class=\"session_speakers\">By&nbsp;<strong><a href=\"https:\/\/vstt.ch\/fr\/speaker\/maya-kummrow\/\">Maya Kummrow<\/a><\/strong>&nbsp;<\/div><\/div><br class=\"clear\"\/><\/div><\/li><li class=\"themeborder stvv \"><div class=\"session_content_wrapper expandable\" data-expandid=\"excerpt_7417\"><div class=\"session_speaker_thumb\"><img decoding=\"async\" src=\"https:\/\/vstt.ch\/wp-content\/uploads\/2023\/11\/Pereira-150x150.webp\" alt=\"Gon\u00e7alo Pereira\"\/><\/div><div class=\"session_content has_speaker_thumb\"><div class=\"session_start_time\">09:00&nbsp;-&nbsp;09:30<\/div><div class=\"session_title\"><h6>Understanding pain and its relation with behaviour \u2013 part II chronic pain<\/h6><\/div><div class=\"session_speakers\">By&nbsp;<strong><a href=\"https:\/\/vstt.ch\/fr\/speaker\/goncalo-pereira\/\">Gon\u00e7alo Pereira<\/a><\/strong>&nbsp;<\/div><\/div><br class=\"clear\"\/><\/div><\/li><li class=\"themeborder svk \"><div class=\"session_content_wrapper expandable\" data-expandid=\"excerpt_7294\"><div class=\"session_speaker_thumb\"><img decoding=\"async\" src=\"https:\/\/vstt.ch\/wp-content\/uploads\/2025\/12\/Knell-e1772552701335-150x150.jpg\" alt=\"Sebastian Knell\"\/><\/div><div class=\"session_content has_speaker_thumb\"><div class=\"session_start_time\">09:15&nbsp;-&nbsp;10:00<\/div><div class=\"session_title\"><h6>Minimalinvasive Techniken in der Orthop\u00e4die und Neurochirurgie<\/h6><\/div><div class=\"session_speakers\">By&nbsp;<strong><a href=\"https:\/\/vstt.ch\/fr\/speaker\/sebastian-knell\/\">Sebastian Knell<\/a><\/strong>&nbsp;<\/div><\/div><br class=\"clear\"\/><\/div><\/li><li class=\"themeborder svw \"><div class=\"session_content_wrapper expandable\" data-expandid=\"excerpt_7319\"><div class=\"session_speaker_thumb\"><img decoding=\"async\" src=\"https:\/\/vstt.ch\/wp-content\/uploads\/2025\/12\/Gruenberg-scaled-e1771514619369-150x150.jpg\" alt=\"Walter Gr\u00fcnberg\"\/><\/div><div class=\"session_content has_speaker_thumb\"><div class=\"session_start_time\">09:15&nbsp;-&nbsp;10:00<\/div><div class=\"session_title\"><h6>Milchfieber - die Do\u2019s and Dont\u2019s<\/h6><\/div><div class=\"session_speakers\">By&nbsp;<strong><a href=\"https:\/\/vstt.ch\/fr\/speaker\/walter-gruenberg\/\">Walter Gr\u00fcnberg<\/a><\/strong>&nbsp;<\/div><\/div><br class=\"clear\"\/><\/div><\/li><li class=\"themeborder camvet-ch \"><div class=\"session_content_wrapper expandable\" data-expandid=\"excerpt_7376\"><div class=\"session_speaker_thumb\"><img decoding=\"async\" src=\"https:\/\/vstt.ch\/wp-content\/uploads\/2025\/12\/Team.png\" alt=\"Katrin Haas\"\/><\/div><div class=\"session_content has_speaker_thumb\"><div class=\"session_start_time\">09:15&nbsp;-&nbsp;09:37<\/div><div class=\"session_title\"><h6>Osteopathische Behandlung von Headshaking aufgrund von Trigeminus-Neuralgie<\/h6><\/div><div class=\"session_speakers\">By&nbsp;<strong><a href=\"https:\/\/vstt.ch\/fr\/speaker\/katrin-haas\/\">Katrin Haas<\/a><\/strong>&nbsp;<\/div><\/div><br class=\"clear\"\/><\/div><\/li><li class=\"themeborder gst-svs \"><div class=\"session_content_wrapper expandable\" data-expandid=\"excerpt_7394\"><div class=\"session_speaker_thumb \"><img decoding=\"async\" src=\"https:\/\/vstt.ch\/wp-content\/uploads\/2025\/12\/Team.png\" alt=\"Patrik Bregy\"\/><img decoding=\"async\" src=\"https:\/\/vstt.ch\/wp-content\/uploads\/2025\/12\/Team.png\" alt=\"Heinzpeter Schwermer\"\/><img decoding=\"async\" src=\"https:\/\/vstt.ch\/wp-content\/uploads\/2025\/12\/Team.png\" alt=\"Felix Goldinger\"\/><\/div><div class=\"session_content has_speaker_thumb\"><div class=\"session_start_time\">09:15&nbsp;-&nbsp;10:00<\/div><div class=\"session_title\"><h6>Tipps und Tricks zur Eingabe in IS ABV und TAMI<\/h6><\/div><div class=\"session_speakers\">By&nbsp;<strong><a href=\"https:\/\/vstt.ch\/fr\/speaker\/patrik-bregy\/\">Patrik Bregy<\/a><\/strong>&nbsp;,&nbsp;<strong><a href=\"https:\/\/vstt.ch\/fr\/speaker\/heinzpeter-schwermer\/\">Heinzpeter Schwermer<\/a><\/strong>&nbsp;,&nbsp;<strong><a href=\"https:\/\/vstt.ch\/fr\/speaker\/felix-goldinger\/\">Felix Goldinger<\/a><\/strong>&nbsp;,&nbsp;<strong><a href=\"https:\/\/vstt.ch\/fr\/speaker\/anais-leger\/\">Ana\u00efs L\u00e9ger<\/a><\/strong>&nbsp;<\/div><\/div><br class=\"clear\"\/><\/div><\/li><li class=\"themeborder svvld \"><div class=\"session_content_wrapper expandable\" data-expandid=\"excerpt_7351\"><div class=\"session_speaker_thumb\"><img decoding=\"async\" src=\"https:\/\/vstt.ch\/wp-content\/uploads\/2025\/12\/Hatt-150x150.jpg\" alt=\"Jean-Michel Hatt\"\/><\/div><div class=\"session_content has_speaker_thumb\"><div class=\"session_start_time\">09:30&nbsp;-&nbsp;10:00<\/div><div class=\"session_title\"><h6>Fallvorstellung - Anorexie beim Kaninchen und Leberlappentorsion als Ursache<\/h6><\/div><div class=\"session_speakers\">By&nbsp;<strong><a href=\"https:\/\/vstt.ch\/fr\/speaker\/jean-michel-hatt\/\">Jean-Michel Hatt<\/a><\/strong>&nbsp;<\/div><\/div><br class=\"clear\"\/><\/div><\/li><li class=\"themeborder stvv \"><div class=\"session_content_wrapper expandable\" data-expandid=\"excerpt_7419\"><div class=\"session_speaker_thumb\"><img decoding=\"async\" src=\"https:\/\/vstt.ch\/wp-content\/uploads\/2023\/11\/Pereira-150x150.webp\" alt=\"Gon\u00e7alo Pereira\"\/><\/div><div class=\"session_content has_speaker_thumb\"><div class=\"session_start_time\">09:30&nbsp;-&nbsp;10:00<\/div><div class=\"session_title\"><h6>50 shades of pain \u2013 behavioural changes secondary to pain I<\/h6><\/div><div class=\"session_speakers\">By&nbsp;<strong><a href=\"https:\/\/vstt.ch\/fr\/speaker\/goncalo-pereira\/\">Gon\u00e7alo Pereira<\/a><\/strong>&nbsp;<\/div><\/div><br class=\"clear\"\/><\/div><\/li><li class=\"themeborder camvet-ch \"><div class=\"session_content_wrapper expandable\" data-expandid=\"excerpt_7378\"><div class=\"session_speaker_thumb\"><img decoding=\"async\" src=\"https:\/\/vstt.ch\/wp-content\/uploads\/2025\/12\/Kalchofner-150x150.jpg\" alt=\"Karin Kalchofner\"\/><\/div><div class=\"session_content has_speaker_thumb\"><div class=\"session_start_time\">09:37&nbsp;-&nbsp;10:00<\/div><div class=\"session_title\"><h6>Wenn das Pferd den Kopf sch\u00fcttelt - TCM Strategien beim Headshaking Syndrom<\/h6><\/div><div class=\"session_speakers\">By&nbsp;<strong><a href=\"https:\/\/vstt.ch\/fr\/speaker\/karin-kalchofner\/\">Karin Kalchofner<\/a><\/strong>&nbsp;<\/div><\/div><br class=\"clear\"\/><\/div><\/li><li class=\"themeborder camvet-ch gst-svs plenum stvv svk svsm svvld svw \"><div class=\"session_content_wrapper expandable\" data-expandid=\"excerpt_3952\"><div class=\"session_speaker_icon\"><span class=\"ti-timer\"><\/span><\/div><div class=\"session_content has_speaker_thumb\"><div class=\"session_start_time\">10:00&nbsp;-&nbsp;10:35<\/div><div class=\"session_title\"><h6>Kaffeepause & Industrieausstellung<\/h6><\/div><\/div><br class=\"clear\"\/><\/div><\/li><li class=\"themeborder svk \"><div class=\"session_content_wrapper expandable\" data-expandid=\"excerpt_7296\"><div class=\"session_speaker_thumb\"><img decoding=\"async\" src=\"https:\/\/vstt.ch\/wp-content\/uploads\/2025\/12\/Mardell-e1772096462969-150x150.jpg\" alt=\"Ellie Mardell\"\/><\/div><div class=\"session_content has_speaker_thumb\"><div class=\"session_start_time\">10:35&nbsp;-&nbsp;11:05<\/div><div class=\"session_title\"><h6>Chronic gastrointestinal signs: surgery, scope, or drugs?<\/h6><\/div><div class=\"session_speakers\">By&nbsp;<strong><a href=\"https:\/\/vstt.ch\/fr\/speaker\/ellie-mardell\/\">Ellie Mardell<\/a><\/strong>&nbsp;<\/div><\/div><br class=\"clear\"\/><\/div><\/li><li class=\"themeborder svw \"><div class=\"session_content_wrapper expandable\" data-expandid=\"excerpt_7321\"><div class=\"session_speaker_thumb\"><img decoding=\"async\" src=\"https:\/\/vstt.ch\/wp-content\/uploads\/2025\/12\/Gruenberg-scaled-e1771514619369-150x150.jpg\" alt=\"Walter Gr\u00fcnberg\"\/><\/div><div class=\"session_content has_speaker_thumb\"><div class=\"session_start_time\">10:35&nbsp;-&nbsp;11:05<\/div><div class=\"session_title\"><h6>Phosphorversorgung - Bedeutung und Massnahmen im peripartalen Zeitraum<\/h6><\/div><div class=\"session_speakers\">By&nbsp;<strong><a href=\"https:\/\/vstt.ch\/fr\/speaker\/walter-gruenberg\/\">Walter Gr\u00fcnberg<\/a><\/strong>&nbsp;<\/div><\/div><br class=\"clear\"\/><\/div><\/li><li class=\"themeborder svvld \"><div class=\"session_content_wrapper expandable\" data-expandid=\"excerpt_7353\"><div class=\"session_speaker_thumb\"><img decoding=\"async\" src=\"https:\/\/vstt.ch\/wp-content\/uploads\/2023\/12\/Frey-2-150x150.jpg\" alt=\"Caroline Frey\"\/><\/div><div class=\"session_content has_speaker_thumb\"><div class=\"session_start_time\">10:35&nbsp;-&nbsp;11:05<\/div><div class=\"session_title\"><h6>Nachweis von Parasiten bei exotischen Heimtieren<\/h6><\/div><div class=\"session_speakers\">By&nbsp;<strong><a href=\"https:\/\/vstt.ch\/fr\/speaker\/caroline-frey\/\">Caroline Frey<\/a><\/strong>&nbsp;<\/div><\/div><br class=\"clear\"\/><\/div><\/li><li class=\"themeborder camvet-ch \"><div class=\"session_content_wrapper expandable\" data-expandid=\"excerpt_7380\"><div class=\"session_speaker_thumb\"><img decoding=\"async\" src=\"https:\/\/vstt.ch\/wp-content\/uploads\/2025\/12\/Team.png\" alt=\"Tamara Sieg\"\/><\/div><div class=\"session_content has_speaker_thumb\"><div class=\"session_start_time\">10:35&nbsp;-&nbsp;11:05<\/div><div class=\"session_title\"><h6>Hom\u00f6opathische Unterst\u00fctzung beim geriatrischen Vestibul\u00e4rsyndrom<\/h6><\/div><div class=\"session_speakers\">By&nbsp;<strong><a href=\"https:\/\/vstt.ch\/fr\/speaker\/tamara-sieg\/\">Tamara Sieg<\/a><\/strong>&nbsp;<\/div><\/div><br class=\"clear\"\/><\/div><\/li><li class=\"themeborder gst-svs \"><div class=\"session_content_wrapper expandable\" data-expandid=\"excerpt_7398\"><div class=\"session_speaker_thumb\"><img decoding=\"async\" src=\"https:\/\/vstt.ch\/wp-content\/uploads\/2025\/12\/Team.png\" alt=\"Cedric M\u00fcntener\"\/><\/div><div class=\"session_content has_speaker_thumb\"><div class=\"session_start_time\">10:35&nbsp;-&nbsp;11:05<\/div><div class=\"session_title\"><h6>Safety is no accident: Die Sicherheit der Tierarzneimittel bei Patienten und Anwendern<\/h6><\/div><div class=\"session_speakers\">By&nbsp;<strong><a href=\"https:\/\/vstt.ch\/fr\/speaker\/cedric-muentener\/\">Cedric M\u00fcntener<\/a><\/strong>&nbsp;<\/div><\/div><br class=\"clear\"\/><\/div><\/li><li class=\"themeborder stvv \"><div class=\"session_content_wrapper expandable\" data-expandid=\"excerpt_7421\"><div class=\"session_speaker_thumb\"><img decoding=\"async\" src=\"https:\/\/vstt.ch\/wp-content\/uploads\/2023\/11\/Pereira-150x150.webp\" alt=\"Gon\u00e7alo Pereira\"\/><\/div><div class=\"session_content has_speaker_thumb\"><div class=\"session_start_time\">10:35&nbsp;-&nbsp;11:05<\/div><div class=\"session_title\"><h6>50 shades of pain \u2013 behavioural changes secondary to pain II - cases and its presentation in a behaviour consultation<\/h6><\/div><div class=\"session_speakers\">By&nbsp;<strong><a href=\"https:\/\/vstt.ch\/fr\/speaker\/goncalo-pereira\/\">Gon\u00e7alo Pereira<\/a><\/strong>&nbsp;<\/div><\/div><br class=\"clear\"\/><\/div><\/li><li class=\"themeborder camvet-ch gst-svs plenum stvv svk svsm svvld svw \"><div class=\"session_content_wrapper expandable\" data-expandid=\"excerpt_7298\"><div class=\"session_speaker_thumb \"><img decoding=\"async\" src=\"https:\/\/vstt.ch\/wp-content\/uploads\/2026\/03\/Niederhaeuser-150x150.jpg\" alt=\"Simone Niederh\u00e4user\"\/><img decoding=\"async\" src=\"https:\/\/vstt.ch\/wp-content\/uploads\/2025\/12\/Team.png\" alt=\"Melanie Kocher\"\/><img decoding=\"async\" src=\"https:\/\/vstt.ch\/wp-content\/uploads\/2026\/03\/Schuepbach-150x150.jpg\" alt=\"Gertraud Sch\u00fcpbach (Moderation)\"\/><\/div><div class=\"session_content has_speaker_thumb\"><div class=\"session_start_time\">11:15&nbsp;-&nbsp;12:15<\/div><div class=\"session_title\"><h6>Podiumsdiskussion: Tierwohl trifft Menschenwohl<\/h6><\/div><div class=\"session_speakers\">By&nbsp;<strong><a href=\"https:\/\/vstt.ch\/fr\/speaker\/simone-niederhaeuser\/\">Simone Niederh\u00e4user<\/a><\/strong>&nbsp;,&nbsp;<strong><a href=\"https:\/\/vstt.ch\/fr\/speaker\/melanie-kocher\/\">Melanie Kocher<\/a><\/strong>&nbsp;,&nbsp;<strong><a href=\"https:\/\/vstt.ch\/fr\/speaker\/schuepbach-gertraud\/\">Gertraud Sch\u00fcpbach (Moderation)<\/a><\/strong>&nbsp;,&nbsp;<strong><a href=\"https:\/\/vstt.ch\/fr\/speaker\/simon-vanessa\/\">Vanessa Simon<\/a><\/strong>&nbsp;,&nbsp;<strong><a href=\"https:\/\/vstt.ch\/fr\/speaker\/allmendinger-joerg\/\">J\u00f6rg Allmendinger<\/a><\/strong>&nbsp;<\/div><\/div><br class=\"clear\"\/><\/div><\/li><li class=\"themeborder camvet-ch gst-svs plenum stvv svk svsm svvld svw \"><div class=\"session_content_wrapper expandable\" data-expandid=\"excerpt_3954\"><div class=\"session_speaker_icon\"><span class=\"ti-timer\"><\/span><\/div><div class=\"session_content has_speaker_thumb\"><div class=\"session_start_time\">12:15&nbsp;-&nbsp;13:30<\/div><div class=\"session_title\"><h6>Lunch & Industrieausstellung<\/h6><\/div><\/div><br class=\"clear\"\/><\/div><\/li><li class=\"themeborder svk \"><div class=\"session_content_wrapper expandable\" data-expandid=\"excerpt_7300\"><div class=\"session_speaker_thumb\"><img decoding=\"async\" src=\"https:\/\/vstt.ch\/wp-content\/uploads\/2025\/12\/Team.png\" alt=\"Daniele Corona\"\/><\/div><div class=\"session_content has_speaker_thumb\"><div class=\"session_start_time\">13:30&nbsp;-&nbsp;14:00<\/div><div class=\"session_title\"><h6>Nerve blocks in the management of acute and chronic pain \u2013 when, how, and why?<\/h6><\/div><div class=\"session_speakers\">By&nbsp;<strong><a href=\"https:\/\/vstt.ch\/fr\/speaker\/daniele-corona\/\">Daniele Corona<\/a><\/strong>&nbsp;<\/div><\/div><br class=\"clear\"\/><\/div><\/li><li class=\"themeborder svw \"><div class=\"session_content_wrapper expandable\" data-expandid=\"excerpt_7324\"><div class=\"session_speaker_thumb\"><img decoding=\"async\" src=\"https:\/\/vstt.ch\/wp-content\/uploads\/2024\/12\/Meylan-1-e1771515178470-150x150.jpg\" alt=\"Mireille Meylan\"\/><\/div><div class=\"session_content has_speaker_thumb\"><div class=\"session_start_time\">13:30&nbsp;-&nbsp;14:00<\/div><div class=\"session_title\"><h6>Milchfieber - sinnvolle Prophylaxe mit Vit. D3 Boli?<\/h6><\/div><div class=\"session_speakers\">By&nbsp;<strong><a href=\"https:\/\/vstt.ch\/fr\/speaker\/mireille-meylan\/\">Mireille Meylan<\/a><\/strong>&nbsp;<\/div><\/div><br class=\"clear\"\/><\/div><\/li><li class=\"themeborder svvld \"><div class=\"session_content_wrapper expandable\" data-expandid=\"excerpt_7355\"><div class=\"session_speaker_thumb\"><img decoding=\"async\" src=\"https:\/\/vstt.ch\/wp-content\/uploads\/2025\/12\/Pendl-150x150.jpeg\" alt=\"Helene Pendl\"\/><\/div><div class=\"session_content has_speaker_thumb\"><div class=\"session_start_time\">13:30&nbsp;-&nbsp;14:00<\/div><div class=\"session_title\"><h6>Zytologie bei exotischen Heimtieren - was kann ich in der Praxis umsetzen?<\/h6><\/div><div class=\"session_speakers\">By&nbsp;<strong><a href=\"https:\/\/vstt.ch\/fr\/speaker\/helene-pendl\/\">Helene Pendl<\/a><\/strong>&nbsp;<\/div><\/div><br class=\"clear\"\/><\/div><\/li><li class=\"themeborder camvet-ch \"><div class=\"session_content_wrapper expandable\" data-expandid=\"excerpt_7382\"><div class=\"session_speaker_thumb\"><img decoding=\"async\" src=\"https:\/\/vstt.ch\/wp-content\/uploads\/2025\/12\/Team.png\" alt=\"Veronika Stein\"\/><\/div><div class=\"session_content has_speaker_thumb\"><div class=\"session_start_time\">13:30&nbsp;-&nbsp;14:00<\/div><div class=\"session_title\"><h6>Wenn die Bandscheibe dr\u00fcckt: Innovationen im Management der IVDD<\/h6><\/div><div class=\"session_speakers\">By&nbsp;<strong><a href=\"https:\/\/vstt.ch\/fr\/speaker\/veronika-stein\/\">Veronika Stein<\/a><\/strong>&nbsp;<\/div><\/div><br class=\"clear\"\/><\/div><\/li><li class=\"themeborder gst-svs \"><div class=\"session_content_wrapper expandable\" data-expandid=\"excerpt_7403\"><div class=\"session_speaker_thumb\"><img decoding=\"async\" src=\"https:\/\/vstt.ch\/wp-content\/uploads\/2025\/12\/Team.png\" alt=\"Melanie Kocher\"\/><\/div><div class=\"session_content has_speaker_thumb\"><div class=\"session_start_time\">13:30&nbsp;-&nbsp;14:00<\/div><div class=\"session_title\"><h6>Beschlagnahmung von Tieren - Herausforderungen f\u00fcr Tier\u00e4rzte<\/h6><\/div><div class=\"session_speakers\">By&nbsp;<strong><a href=\"https:\/\/vstt.ch\/fr\/speaker\/melanie-kocher\/\">Melanie Kocher<\/a><\/strong>&nbsp;<\/div><\/div><br class=\"clear\"\/><\/div><\/li><li class=\"themeborder stvv \"><div class=\"session_content_wrapper expandable\" data-expandid=\"excerpt_7423\"><div class=\"session_speaker_thumb\"><img decoding=\"async\" src=\"https:\/\/vstt.ch\/wp-content\/uploads\/2025\/12\/Team.png\" alt=\"Maja Br\u00e4m\"\/><\/div><div class=\"session_content has_speaker_thumb\"><div class=\"session_start_time\">13:30&nbsp;-&nbsp;14:00<\/div><div class=\"session_title\"><h6>The colours of pain - Einsatz der Thermographie als diagnostisches Hilfsmittel bei Verhaltensproblemen<\/h6><\/div><div class=\"session_speakers\">By&nbsp;<strong><a href=\"https:\/\/vstt.ch\/fr\/speaker\/maja-braem\/\">Maja Br\u00e4m<\/a><\/strong>&nbsp;<\/div><\/div><br class=\"clear\"\/><\/div><\/li><li class=\"themeborder svk \"><div class=\"session_content_wrapper expandable\" data-expandid=\"excerpt_7302\"><div class=\"session_speaker_thumb \"><img decoding=\"async\" src=\"https:\/\/vstt.ch\/wp-content\/uploads\/2025\/12\/Team.png\" alt=\"Daniele Corona\"\/><img decoding=\"async\" src=\"https:\/\/vstt.ch\/wp-content\/uploads\/2025\/12\/Knell-e1772552701335-150x150.jpg\" alt=\"Sebastian Knell\"\/><\/div><div class=\"session_content has_speaker_thumb\"><div class=\"session_start_time\">14:00&nbsp;-&nbsp;14:30<\/div><div class=\"session_title\"><h6>Outpatient TPLO management in dogs: Preparation, analgesia, and postoperative care<\/h6><\/div><div class=\"session_speakers\">By&nbsp;<strong><a href=\"https:\/\/vstt.ch\/fr\/speaker\/daniele-corona\/\">Daniele Corona<\/a><\/strong>&nbsp;,&nbsp;<strong><a href=\"https:\/\/vstt.ch\/fr\/speaker\/sebastian-knell\/\">Sebastian Knell<\/a><\/strong>&nbsp;<\/div><\/div><br class=\"clear\"\/><\/div><\/li><li class=\"themeborder svw \"><div class=\"session_content_wrapper expandable\" data-expandid=\"excerpt_7326\"><div class=\"session_speaker_thumb\"><img decoding=\"async\" src=\"https:\/\/vstt.ch\/wp-content\/uploads\/2025\/12\/Team.png\" alt=\"Carina Oschlies\"\/><\/div><div class=\"session_content has_speaker_thumb\"><div class=\"session_start_time\">14:00&nbsp;-&nbsp;14:30<\/div><div class=\"session_title\"><h6>Calcium-Prophylaxe und Therapie - Wenn\u2019s mal schief geht<\/h6><\/div><div class=\"session_speakers\">By&nbsp;<strong><a href=\"https:\/\/vstt.ch\/fr\/speaker\/carina-oschlies\/\">Carina Oschlies<\/a><\/strong>&nbsp;<\/div><\/div><br class=\"clear\"\/><\/div><\/li><li class=\"themeborder svvld \"><div class=\"session_content_wrapper expandable\" data-expandid=\"excerpt_7357\"><div class=\"session_speaker_thumb\"><img decoding=\"async\" src=\"https:\/\/vstt.ch\/wp-content\/uploads\/2025\/12\/Team.png\" alt=\"Sarah Schmitt\"\/><\/div><div class=\"session_content has_speaker_thumb\"><div class=\"session_start_time\">14:00&nbsp;-&nbsp;14:30<\/div><div class=\"session_title\"><h6>Update zur Diagnostik von anspruchsvollen Bakterien und Pilzen bei exotischen Heimtieren<\/h6><\/div><div class=\"session_speakers\">By&nbsp;<strong><a href=\"https:\/\/vstt.ch\/fr\/speaker\/sarah-schmitt\/\">Sarah Schmitt<\/a><\/strong>&nbsp;<\/div><\/div><br class=\"clear\"\/><\/div><\/li><li class=\"themeborder camvet-ch \"><div class=\"session_content_wrapper expandable\" data-expandid=\"excerpt_7384\"><div class=\"session_speaker_thumb\"><img decoding=\"async\" src=\"https:\/\/vstt.ch\/wp-content\/uploads\/2025\/12\/Kalchofner-150x150.jpg\" alt=\"Karin Kalchofner\"\/><\/div><div class=\"session_content has_speaker_thumb\"><div class=\"session_start_time\">14:00&nbsp;-&nbsp;14:30<\/div><div class=\"session_title\"><h6>Wenn der R\u00fccken streikt - Akupunktur bei IVDD<\/h6><\/div><div class=\"session_speakers\">By&nbsp;<strong><a href=\"https:\/\/vstt.ch\/fr\/speaker\/karin-kalchofner\/\">Karin Kalchofner<\/a><\/strong>&nbsp;<\/div><\/div><br class=\"clear\"\/><\/div><\/li><li class=\"themeborder stvv \"><div class=\"session_content_wrapper expandable\" data-expandid=\"excerpt_7425\"><div class=\"session_speaker_thumb\"><img decoding=\"async\" src=\"https:\/\/vstt.ch\/wp-content\/uploads\/2025\/12\/Team.png\" alt=\"Dirk van der Linden\"\/><\/div><div class=\"session_content has_speaker_thumb\"><div class=\"session_start_time\">14:00&nbsp;-&nbsp;14:30<\/div><div class=\"session_title\"><h6>Pain detection in different species (sheep, cattle, horses)<\/h6><\/div><div class=\"session_speakers\">By&nbsp;<strong><a href=\"https:\/\/vstt.ch\/fr\/speaker\/dirk-van-der-linden\/\">Dirk van der Linden<\/a><\/strong>&nbsp;<\/div><\/div><br class=\"clear\"\/><\/div><\/li><li class=\"themeborder gst-svs \"><div class=\"session_content_wrapper expandable\" data-expandid=\"excerpt_7788\"><div class=\"session_speaker_thumb\"><img decoding=\"async\" src=\"https:\/\/vstt.ch\/wp-content\/uploads\/2026\/02\/Buergi-150x150.jpg\" alt=\"Isidor B\u00fcrgi\"\/><\/div><div class=\"session_content has_speaker_thumb\"><div class=\"session_start_time\">14:00&nbsp;-&nbsp;14:30<\/div><div class=\"session_title\"><h6>Gesundheit des Menschen versus Lebensrecht der Tiere: Ein ethisches Spannungsfeld<\/h6><\/div><div class=\"session_speakers\">By&nbsp;<strong><a href=\"https:\/\/vstt.ch\/fr\/speaker\/isidor-buergi\/\">Isidor B\u00fcrgi<\/a><\/strong>&nbsp;<\/div><\/div><br class=\"clear\"\/><\/div><\/li><li class=\"themeborder svk \"><div class=\"session_content_wrapper expandable\" data-expandid=\"excerpt_7304\"><div class=\"session_speaker_thumb\"><img decoding=\"async\" src=\"https:\/\/vstt.ch\/wp-content\/uploads\/2023\/11\/Challande-150x150.jpg\" alt=\"Iris Challande-Kathmann\"\/><\/div><div class=\"session_content has_speaker_thumb\"><div class=\"session_start_time\">14:30&nbsp;-&nbsp;15:00<\/div><div class=\"session_title\"><h6>Rehabilitation nach TPLO: Tipps, Timing und h\u00e4ufige Fehler<\/h6><\/div><div class=\"session_speakers\">By&nbsp;<strong><a href=\"https:\/\/vstt.ch\/fr\/speaker\/iris-challande-kathmann\/\">Iris Challande-Kathmann<\/a><\/strong>&nbsp;<\/div><\/div><br class=\"clear\"\/><\/div><\/li><li class=\"themeborder svsm \"><div class=\"session_content_wrapper expandable\" data-expandid=\"excerpt_7328\"><div class=\"session_speaker_thumb\"><img decoding=\"async\" src=\"https:\/\/vstt.ch\/wp-content\/uploads\/2024\/12\/Grahoferjpg-150x150.jpg\" alt=\"Alexander Grahofer\"\/><\/div><div class=\"session_content has_speaker_thumb\"><div class=\"session_start_time\">14:30&nbsp;-&nbsp;15:00<\/div><div class=\"session_title\"><h6>Calcium rund um die Geburt bei Schweinen<\/h6><\/div><div class=\"session_speakers\">By&nbsp;<strong><a href=\"https:\/\/vstt.ch\/fr\/speaker\/alexander-grahofer\/\">Alexander Grahofer<\/a><\/strong>&nbsp;<\/div><\/div><br class=\"clear\"\/><\/div><\/li><li class=\"themeborder svvld \"><div class=\"session_content_wrapper expandable\" data-expandid=\"excerpt_7365\"><div class=\"session_speaker_thumb\"><img decoding=\"async\" src=\"https:\/\/vstt.ch\/wp-content\/uploads\/2025\/12\/Lechmann-e1771503246554-150x150.jpg\" alt=\"Julia Lechmann\"\/><\/div><div class=\"session_content has_speaker_thumb\"><div class=\"session_start_time\">14:30&nbsp;-&nbsp;15:00<\/div><div class=\"session_title\"><h6>Update zur Diagnostik von Vogelviren<\/h6><\/div><div class=\"session_speakers\">By&nbsp;<strong><a href=\"https:\/\/vstt.ch\/fr\/speaker\/julia-lechmann\/\">Julia Lechmann<\/a><\/strong>&nbsp;<\/div><\/div><br class=\"clear\"\/><\/div><\/li><li class=\"themeborder camvet-ch \"><div class=\"session_content_wrapper expandable\" data-expandid=\"excerpt_7386\"><div class=\"session_speaker_thumb\"><img decoding=\"async\" src=\"https:\/\/vstt.ch\/wp-content\/uploads\/2025\/12\/Team.png\" alt=\"Katrin Haas\"\/><\/div><div class=\"session_content has_speaker_thumb\"><div class=\"session_start_time\">14:30&nbsp;-&nbsp;15:00<\/div><div class=\"session_title\"><h6>Die Behandlung von IVDD mit Osteopathie<\/h6><\/div><div class=\"session_speakers\">By&nbsp;<strong><a href=\"https:\/\/vstt.ch\/fr\/speaker\/katrin-haas\/\">Katrin Haas<\/a><\/strong>&nbsp;<\/div><\/div><br class=\"clear\"\/><\/div><\/li><li class=\"themeborder gst-svs \"><div class=\"session_content_wrapper expandable\" data-expandid=\"excerpt_7407\"><div class=\"session_speaker_thumb\"><img decoding=\"async\" src=\"https:\/\/vstt.ch\/wp-content\/uploads\/2025\/12\/Team.png\" alt=\"Sibylle Grosjean\"\/><\/div><div class=\"session_content has_speaker_thumb\"><div class=\"session_start_time\">14:30&nbsp;-&nbsp;15:00<\/div><div class=\"session_title\"><h6>SVGM: Histomonadose \/ Schwarzkopf beim Huhn \u2013 alte Krankheit neu entdeckt<\/h6><\/div><div class=\"session_speakers\">By&nbsp;<strong><a href=\"https:\/\/vstt.ch\/fr\/speaker\/sibylle-grosjean\/\">Sibylle Grosjean<\/a><\/strong>&nbsp;<\/div><\/div><br class=\"clear\"\/><\/div><\/li><li class=\"themeborder stvv \"><div class=\"session_content_wrapper expandable\" data-expandid=\"excerpt_7427\"><div class=\"session_speaker_thumb\"><img decoding=\"async\" src=\"https:\/\/vstt.ch\/wp-content\/uploads\/2025\/12\/Team.png\" alt=\"Dirk van der Linden\"\/><\/div><div class=\"session_content has_speaker_thumb\"><div class=\"session_start_time\">14:30&nbsp;-&nbsp;15:00<\/div><div class=\"session_title\"><h6>On the Role of Technology in Human-Dog Relationships: A Future of Nightmares or Dreams?<\/h6><\/div><div class=\"session_speakers\">By&nbsp;<strong><a href=\"https:\/\/vstt.ch\/fr\/speaker\/dirk-van-der-linden\/\">Dirk van der Linden<\/a><\/strong>&nbsp;<\/div><\/div><br class=\"clear\"\/><\/div><\/li><li class=\"themeborder camvet-ch gst-svs plenum stvv svk svsm svvld svw \"><div class=\"session_content_wrapper expandable\" data-expandid=\"excerpt_3956\"><div class=\"session_speaker_icon\"><span class=\"ti-timer\"><\/span><\/div><div class=\"session_content has_speaker_thumb\"><div class=\"session_start_time\">15:00&nbsp;-&nbsp;15:45<\/div><div class=\"session_title\"><h6>Kaffeepause & Industrieausstellung<\/h6><\/div><\/div><br class=\"clear\"\/><\/div><\/li><li class=\"themeborder svk \"><div class=\"session_content_wrapper expandable\" data-expandid=\"excerpt_7306\"><div class=\"session_speaker_thumb\"><img decoding=\"async\" src=\"https:\/\/vstt.ch\/wp-content\/uploads\/2025\/12\/Karli-150x150.jpeg\" alt=\"Philemon Karli\"\/><\/div><div class=\"session_content has_speaker_thumb\"><div class=\"session_start_time\">15:45&nbsp;-&nbsp;16:15<\/div><div class=\"session_title\"><h6>Lumbosakrale Stenose: Wann operieren, wann konservativ behandeln?<\/h6><\/div><div class=\"session_speakers\">By&nbsp;<strong><a href=\"https:\/\/vstt.ch\/fr\/speaker\/philemon-karli\/\">Philemon Karli<\/a><\/strong>&nbsp;<\/div><\/div><br class=\"clear\"\/><\/div><\/li><li class=\"themeborder svsm \"><div class=\"session_content_wrapper expandable\" data-expandid=\"excerpt_7336\"><div class=\"session_speaker_thumb\"><img decoding=\"async\" src=\"https:\/\/vstt.ch\/wp-content\/uploads\/2022\/02\/Team.png\" alt=\"Thomas Echtermann\"\/><\/div><div class=\"session_content has_speaker_thumb\"><div class=\"session_start_time\">15:45&nbsp;-&nbsp;16:15<\/div><div class=\"session_title\"><h6>Beinschw\u00e4che beim Schwein<\/h6><\/div><div class=\"session_speakers\">By&nbsp;<strong><a href=\"https:\/\/vstt.ch\/fr\/speaker\/thomas-echtermann\/\">Thomas Echtermann<\/a><\/strong>&nbsp;<\/div><\/div><br class=\"clear\"\/><\/div><\/li><li class=\"themeborder svvld \"><div class=\"session_content_wrapper expandable\" data-expandid=\"excerpt_7370\"><div class=\"session_speaker_thumb\"><img decoding=\"async\" src=\"https:\/\/vstt.ch\/wp-content\/uploads\/2025\/12\/Team.png\" alt=\"Eva Dervas\"\/><\/div><div class=\"session_content has_speaker_thumb\"><div class=\"session_start_time\">15:45&nbsp;-&nbsp;16:30<\/div><div class=\"session_title\"><h6>Von Lungenw\u00fcrmern bis M\u00e4hdrescher \u2013 h\u00e4ufige Erkrankungen beim Europ\u00e4ischen Igel: Diagnostik und Erscheinungsbild<\/h6><\/div><div class=\"session_speakers\">By&nbsp;<strong><a href=\"https:\/\/vstt.ch\/fr\/speaker\/eva-dervas\/\">Eva Dervas<\/a><\/strong>&nbsp;<\/div><\/div><br class=\"clear\"\/><\/div><\/li><li class=\"themeborder camvet-ch \"><div class=\"session_content_wrapper expandable\" data-expandid=\"excerpt_7388\"><div class=\"session_speaker_thumb\"><img decoding=\"async\" src=\"https:\/\/vstt.ch\/wp-content\/uploads\/2025\/12\/Team.png\" alt=\"Veronika Stein\"\/><\/div><div class=\"session_content has_speaker_thumb\"><div class=\"session_start_time\">15:45&nbsp;-&nbsp;16:15<\/div><div class=\"session_title\"><h6>(K)Ein nerviger \u00dcberblick \u00fcber die neurogene Funktion und Dysfunktion der Blase<\/h6><\/div><div class=\"session_speakers\">By&nbsp;<strong><a href=\"https:\/\/vstt.ch\/fr\/speaker\/veronika-stein\/\">Veronika Stein<\/a><\/strong>&nbsp;<\/div><\/div><br class=\"clear\"\/><\/div><\/li><li class=\"themeborder gst-svs \"><div class=\"session_content_wrapper expandable\" data-expandid=\"excerpt_7409\"><div class=\"session_speaker_thumb\"><img decoding=\"async\" src=\"https:\/\/vstt.ch\/wp-content\/uploads\/2024\/01\/Foto-Angela-Gimmel-150x150.jpg\" alt=\"Angela Gimmel\"\/><\/div><div class=\"session_content has_speaker_thumb\"><div class=\"session_start_time\">15:45&nbsp;-&nbsp;16:15<\/div><div class=\"session_title\"><h6>SVWZH: Behandlung mit \u00f6kologischen Folgen \u2013 Der Effekt von Antiparasitika auf die Dungfauna<\/h6><\/div><div class=\"session_speakers\">By&nbsp;<strong><a href=\"https:\/\/vstt.ch\/fr\/speaker\/angela-gimmel\/\">Angela Gimmel<\/a><\/strong>&nbsp;<\/div><\/div><br class=\"clear\"\/><\/div><\/li><li class=\"themeborder stvv \"><div class=\"session_content_wrapper expandable\" data-expandid=\"excerpt_7429\"><div class=\"session_speaker_thumb\"><img decoding=\"async\" src=\"https:\/\/vstt.ch\/wp-content\/uploads\/2025\/12\/Sommese-150x150.jpg\" alt=\"Andrea Sommese\"\/><\/div><div class=\"session_content has_speaker_thumb\"><div class=\"session_start_time\">15:45&nbsp;-&nbsp;16:15<\/div><div class=\"session_title\"><h6>Environmental and Behavioural Drivers of Welfare in Small Exotic Pets<\/h6><\/div><div class=\"session_speakers\">By&nbsp;<strong><a href=\"https:\/\/vstt.ch\/fr\/speaker\/andrea-sommese\/\">Andrea Sommese<\/a><\/strong>&nbsp;<\/div><\/div><br class=\"clear\"\/><\/div><\/li><li class=\"themeborder svk \"><div class=\"session_content_wrapper expandable\" data-expandid=\"excerpt_7311\"><div class=\"session_speaker_thumb\"><img decoding=\"async\" src=\"https:\/\/vstt.ch\/wp-content\/uploads\/2025\/12\/Schweizer-150x150.jpg\" alt=\"Daniela Schweizer\"\/><\/div><div class=\"session_content has_speaker_thumb\"><div class=\"session_start_time\">16:15&nbsp;-&nbsp;16:45<\/div><div class=\"session_title\"><h6>Chiari-like Malformation: betroffene Rassen und bildgebende Diagnostik<\/h6><\/div><div class=\"session_speakers\">By&nbsp;<strong><a href=\"https:\/\/vstt.ch\/fr\/speaker\/daniela-schweizer\/\">Daniela Schweizer<\/a><\/strong>&nbsp;<\/div><\/div><br class=\"clear\"\/><\/div><\/li><li class=\"themeborder svw \"><div class=\"session_content_wrapper expandable\" data-expandid=\"excerpt_7340\"><div class=\"session_speaker_thumb\"><img decoding=\"async\" src=\"https:\/\/vstt.ch\/wp-content\/uploads\/2025\/12\/Team.png\" alt=\"Richard Eicher\"\/><\/div><div class=\"session_content has_speaker_thumb\"><div class=\"session_start_time\">16:15&nbsp;-&nbsp;16:45<\/div><div class=\"session_title\"><h6>Spurenelementversorgung auf der Alp<\/h6><\/div><div class=\"session_speakers\">By&nbsp;<strong><a href=\"https:\/\/vstt.ch\/fr\/speaker\/richard-eicher\/\">Richard Eicher<\/a><\/strong>&nbsp;<\/div><\/div><br class=\"clear\"\/><\/div><div id=\"excerpt_7340\" class=\"session_content_extend hide session_content_wrapper\"><div class=\"session_content has_speaker_thumb\"><div class=\"session_excerpt\"> <\/div><div class=\"session_title_list\"><span class=\"ti-bookmark\"><\/span><div class=\"session_title_item\">SVW<\/div><\/div><div class=\"session_location themeborder\"><div class=\"session_location_label skin_color\">Where<\/div><div class=\"session_location_content\">Deck 4<\/div><\/div><\/div><br class=\"clear\"\/><\/div><\/li><li class=\"themeborder camvet-ch \"><div class=\"session_content_wrapper expandable\" data-expandid=\"excerpt_7390\"><div class=\"session_speaker_thumb\"><img decoding=\"async\" src=\"https:\/\/vstt.ch\/wp-content\/uploads\/2025\/12\/Team.png\" alt=\"Katrin Haas\"\/><\/div><div class=\"session_content has_speaker_thumb\"><div class=\"session_start_time\">16:15&nbsp;-&nbsp;16:45<\/div><div class=\"session_title\"><h6>Osteopathie bei Kotinkontinenz<\/h6><\/div><div class=\"session_speakers\">By&nbsp;<strong><a href=\"https:\/\/vstt.ch\/fr\/speaker\/katrin-haas\/\">Katrin Haas<\/a><\/strong>&nbsp;<\/div><\/div><br class=\"clear\"\/><\/div><\/li><li class=\"themeborder gst-svs \"><div class=\"session_content_wrapper expandable\" data-expandid=\"excerpt_7411\"><div class=\"session_speaker_thumb\"><img decoding=\"async\" src=\"https:\/\/vstt.ch\/wp-content\/uploads\/2025\/12\/Team.png\" alt=\"Jana In\u00e4bnit\"\/><\/div><div class=\"session_content has_speaker_thumb\"><div class=\"session_start_time\">16:15&nbsp;-&nbsp;16:45<\/div><div class=\"session_title\"><h6>STVT: Gehts dem Pferdle gut, gehts dem Menschen gut?<\/h6><\/div><div class=\"session_speakers\">By&nbsp;<strong><a href=\"https:\/\/vstt.ch\/fr\/speaker\/jana-inaebnit\/\">Jana In\u00e4bnit<\/a><\/strong>&nbsp;<\/div><\/div><br class=\"clear\"\/><\/div><\/li><li class=\"themeborder stvv \"><div class=\"session_content_wrapper expandable\" data-expandid=\"excerpt_7431\"><div class=\"session_speaker_thumb\"><img decoding=\"async\" src=\"https:\/\/vstt.ch\/wp-content\/uploads\/2025\/12\/Sommese-150x150.jpg\" alt=\"Andrea Sommese\"\/><\/div><div class=\"session_content has_speaker_thumb\"><div class=\"session_start_time\">16:15&nbsp;-&nbsp;16:45<\/div><div class=\"session_title\"><h6>Caretaker Attitudes and Their Impact on Health and Welfare in Small Mammals<\/h6><\/div><div class=\"session_speakers\">By&nbsp;<strong><a href=\"https:\/\/vstt.ch\/fr\/speaker\/andrea-sommese\/\">Andrea Sommese<\/a><\/strong>&nbsp;<\/div><\/div><br class=\"clear\"\/><\/div><\/li><li class=\"themeborder svk \"><div class=\"session_content_wrapper expandable\" data-expandid=\"excerpt_7313\"><div class=\"session_speaker_thumb\"><img decoding=\"async\" src=\"https:\/\/vstt.ch\/wp-content\/uploads\/2025\/12\/Team.png\" alt=\"Katrin Beckmann\"\/><\/div><div class=\"session_content has_speaker_thumb\"><div class=\"session_start_time\">16:45&nbsp;-&nbsp;17:15<\/div><div class=\"session_title\"><h6>Klinische Diagnose und Behandlungsschema bei neuropathischem Schmerz durch Malformation<\/h6><\/div><div class=\"session_speakers\">By&nbsp;<strong><a href=\"https:\/\/vstt.ch\/fr\/speaker\/katrin-beckmann\/\">Katrin Beckmann<\/a><\/strong>&nbsp;<\/div><\/div><br class=\"clear\"\/><\/div><\/li><li class=\"themeborder gst-svs \"><div class=\"session_content_wrapper expandable\" data-expandid=\"excerpt_7413\"><div class=\"session_speaker_thumb\"><img decoding=\"async\" src=\"https:\/\/vstt.ch\/wp-content\/uploads\/2025\/12\/Pospischil-150x150.jpg\" alt=\"Andreas Pospischil\"\/><\/div><div class=\"session_content has_speaker_thumb\"><div class=\"session_start_time\">16:45&nbsp;-&nbsp;17:15<\/div><div class=\"session_title\"><h6>SVGVM: Tuberkulose, Gestern \u2013 Heute \u2013 Morgen<\/h6><\/div><div class=\"session_speakers\">By&nbsp;<strong><a href=\"https:\/\/vstt.ch\/fr\/speaker\/andreas-pospischil\/\">Andreas Pospischil<\/a><\/strong>&nbsp;<\/div><\/div><br class=\"clear\"\/><\/div><\/li><li class=\"themeborder stvv \"><div class=\"session_content_wrapper expandable\" data-expandid=\"excerpt_7433\"><div class=\"session_speaker_thumb\"><img decoding=\"async\" src=\"https:\/\/vstt.ch\/wp-content\/uploads\/2025\/12\/Team.png\" alt=\"Maja Br\u00e4m\"\/><\/div><div class=\"session_content has_speaker_thumb\"><div class=\"session_start_time\">16:45&nbsp;-&nbsp;17:15<\/div><div class=\"session_title\"><h6>Mens sana in corpore sano \u2013 Einsatz von Pflanzen zur Stressreduktion des gesamten Systems<\/h6><\/div><div class=\"session_speakers\">By&nbsp;<strong><a href=\"https:\/\/vstt.ch\/fr\/speaker\/maja-braem\/\">Maja Br\u00e4m<\/a><\/strong>&nbsp;<\/div><\/div><br class=\"clear\"\/><\/div><\/li><\/ul><\/div><\/div><\/div><\/div><\/div>\n<br class=\"clear\"\/>\t\t\t\t<\/div>\n\t\t\t\t<\/div>\n\t\t\t\t\t<\/div>\n\t\t<\/div>\n\t\t\t\t\t<\/div>\n\t\t<\/section>\n\t\t\t\t<\/div>\n\t\t","protected":false},"excerpt":{"rendered":"<p>Programme du congr\u00e8s Remarque importante : Veuillez noter que la langue principale du congr\u00e8s est l&rsquo;allemand (exception : le programme de la Journ\u00e9e Francophone). C&rsquo;est pourquoi le programme est publi\u00e9 en allemand. Les intervenants s\u2019exprimeront dans la langue indiqu\u00e9e dans [&hellip;]<\/p>\n","protected":false},"author":1,"featured_media":0,"parent":0,"menu_order":8,"comment_status":"closed","ping_status":"closed","template":"","meta":{"_monsterinsights_skip_tracking":false,"_monsterinsights_sitenote_active":false,"_monsterinsights_sitenote_note":"","_monsterinsights_sitenote_category":0,"footnotes":""},"class_list":["post-3434","page","type-page","status-publish","hentry"],"_links":{"self":[{"href":"https:\/\/vstt.ch\/fr\/wp-json\/wp\/v2\/pages\/3434","targetHints":{"allow":["GET"]}}],"collection":[{"href":"https:\/\/vstt.ch\/fr\/wp-json\/wp\/v2\/pages"}],"about":[{"href":"https:\/\/vstt.ch\/fr\/wp-json\/wp\/v2\/types\/page"}],"author":[{"embeddable":true,"href":"https:\/\/vstt.ch\/fr\/wp-json\/wp\/v2\/users\/1"}],"replies":[{"embeddable":true,"href":"https:\/\/vstt.ch\/fr\/wp-json\/wp\/v2\/comments?post=3434"}],"version-history":[{"count":80,"href":"https:\/\/vstt.ch\/fr\/wp-json\/wp\/v2\/pages\/3434\/revisions"}],"predecessor-version":[{"id":8346,"href":"https:\/\/vstt.ch\/fr\/wp-json\/wp\/v2\/pages\/3434\/revisions\/8346"}],"wp:attachment":[{"href":"https:\/\/vstt.ch\/fr\/wp-json\/wp\/v2\/media?parent=3434"}],"curies":[{"name":"wp","href":"https:\/\/api.w.org\/{rel}","templated":true}]}}